{"id":347,"date":"2020-01-12T21:31:51","date_gmt":"2020-01-12T21:31:51","guid":{"rendered":"http:\/\/demo.ferenczykollegium.hu\/?page_id=347"},"modified":"2025-02-13T17:21:38","modified_gmt":"2025-02-13T17:21:38","slug":"partner-iskolak","status":"publish","type":"page","link":"https:\/\/ferenczykollegium.szoftvered.hu\/?page_id=347","title":{"rendered":"Partneriskol\u00e1ink a 2024\/2025-es tan\u00e9vben"},"content":{"rendered":"\n<p><strong>Az iskol\u00e1k list\u00e1ja tan\u00e9venk\u00e9nt v\u00e1ltozhat.<\/strong><\/p>\n\n\n\n<p><strong>Az iskol\u00e1ba val\u00f3 jelentkez\u00e9s nem jelenti az automatikus koll\u00e9giumi elhelyez\u00e9st, ez\u00e9rt a koll\u00e9giumba k\u00fcl\u00f6n sz\u00fcks\u00e9ges leadni a<a href=\"http:\/\/ferenczykollegium.hu\/wp-content\/uploads\/2024\/10\/Felveteli-kerelem-2025-2026.pdf\" target=\"_blank\" rel=\"noreferrer noopener\"> felv\u00e9teli jelentkez\u00e9si lapot!<\/a><\/strong><\/p>\n\n\n\n<p><a href=\"https:\/\/www.jedlik.hu\/\" target=\"_blank\" rel=\"noreferrer noopener\">Jedlik \u00c1nyos Gimn\u00e1zium<\/a><\/p>\n\n\n\n<p><a href=\"https:\/\/kreativtechnikum.hu\/\" target=\"_blank\" rel=\"noreferrer noopener\">Budapesti Komplex SZC Kreat\u00edv Technikum<\/a><\/p>\n\n\n\n<p><a href=\"https:\/\/semmelweis.hu\/raoulwallenberg\/\" target=\"_blank\" rel=\"noreferrer noopener\">Semmelweis Egyetem Raoul Wallenberg T\u00f6bbc\u00e9l\u00fa Szakk\u00e9pz\u0151 Int\u00e9zm\u00e9nye  <\/a> <\/p>\n\n\n\n<p><a href=\"http:\/\/wsag.hu\/wsag2\/\" target=\"_blank\" rel=\"noreferrer noopener\">We\u00f6res S\u00e1ndor Gimn\u00e1zium<\/a><\/p>\n\n\n\n<p><a href=\"https:\/\/bankidonat.net\/\">BGSZC B\u00e1nki Don\u00e1t Technikum<\/a><\/p>\n\n\n\n<p><a href=\"http:\/\/www.bokaysuli.hu\/\" target=\"_blank\" rel=\"noreferrer noopener\">Semmelweis Egyetem B\u00f3kay J\u00e1nos Szakgimn\u00e1ziuma<\/a><\/p>\n\n\n\n<p><a aria-label=\" (\u00faj f\u00fcl\u00f6n nyitja meg)\" href=\"http:\/\/gundeliskola.hu\/\" target=\"_blank\" rel=\"noreferrer noopener\">BKSZC Gundel K\u00e1roly Vend\u00e9gl\u00e1t\u00f3 \u00e9s Turisztikai Technikuma<\/a><\/p>\n\n\n\n<p><a href=\"https:\/\/jaschikmuveszeti.hu\/\" target=\"_blank\" rel=\"noreferrer noopener\">Jaschik \u00c1lmos M\u0171v\u00e9szeti Szakgimn\u00e1zium \u00c9s Technikum<\/a><\/p>\n\n\n\n<p><a href=\"https:\/\/jelky.hu\/\" target=\"_blank\" rel=\"noreferrer noopener\">Jelky Andr\u00e1s Iparm\u0171v\u00e9szeti Szakgimn\u00e1zium<\/a><\/p>\n\n\n\n<p><a href=\"http:\/\/kiskepzo.hu\/index.html\" target=\"_blank\" rel=\"noreferrer noopener\">K\u00e9pz\u0151- \u00e9s Iparm\u0171v\u00e9szeti Szakgimn\u00e1zium \u00e9s Koll\u00e9gium<\/a><\/p>\n\n\n\n<p><a href=\"https:\/\/www.mandysuli.edir.hu\/\" target=\"_blank\" rel=\"noreferrer noopener\">BKSZC M\u00e1ndy Iv\u00e1n Szakk\u00e9pz\u0151 Iskola \u00e9s Szakiskola<\/a><\/p>\n\n\n\n<p><a href=\"http:\/\/Szent Istv\u00e1n Technikum \u00e9s Koll\u00e9gium\" target=\"_blank\" rel=\"noreferrer noopener\">BGSZC Szent Istv\u00e1n Technikum \u00e9s Koll\u00e9gium<\/a><\/p>\n\n\n\n<p><a href=\"https:\/\/www.vikiskola.hu\/\" target=\"_blank\" rel=\"noreferrer noopener\">VIK Vend\u00e9gl\u00e1t\u00f3, Turisztikai, Sz\u00e9p\u00e9szeti Baptista Technikum, Szakk\u00e9pz\u0151 Iskola \u00e9s Gimn\u00e1zium.<\/a><\/p>\n","protected":false},"excerpt":{"rendered":"<p>Az iskol\u00e1k list\u00e1ja tan\u00e9venk\u00e9nt v\u00e1ltozhat. Az iskol\u00e1ba val\u00f3 jelentkez\u00e9s nem jelenti az automatikus koll\u00e9giumi elhelyez\u00e9st, ez\u00e9rt a koll\u00e9giumba k\u00fcl\u00f6n sz\u00fcks\u00e9ges leadni a felv\u00e9teli jelentkez\u00e9si lapot! Jedlik \u00c1nyos Gimn\u00e1zium Budapesti Komplex SZC Kreat\u00edv Technikum Semmelweis Egyetem Raoul Wallenberg T\u00f6bbc\u00e9l\u00fa Szakk\u00e9pz\u0151 Int\u00e9zm\u00e9nye We\u00f6res S\u00e1ndor Gimn\u00e1zium BGSZC B\u00e1nki Don\u00e1t Technikum Semmelweis Egyetem B\u00f3kay J\u00e1nos Szakgimn\u00e1ziuma BKSZC Gundel K\u00e1roly &hellip; <\/p>\n<p class=\"link-more\"><a href=\"https:\/\/ferenczykollegium.szoftvered.hu\/?page_id=347\" class=\"more-link\"><span class=\"screen-reader-text\">&#8222;Partneriskol\u00e1ink a 2024\/2025-es tan\u00e9vben&#8221;<\/span> b\u0151vebben<\/a><\/p>\n","protected":false},"author":1,"featured_media":0,"parent":0,"menu_order":0,"comment_status":"closed","ping_status":"closed","template":"","meta":{"ngg_post_thumbnail":0,"_mc_calendar":[],"footnotes":""},"class_list":["post-347","page","type-page","status-publish","hentry"],"yoast_head":"<!-- This site is optimized with the Yoast SEO plugin v25.1 - https:\/\/yoast.com\/wordpress\/plugins\/seo\/ -->\n<title>Partneriskol\u00e1ink a 2024\/2025-es tan\u00e9vben - Ferenczy No\u00e9mi K\u00f6z\u00e9piskolai Le\u00e1nykoll\u00e9gium<\/title>\n<meta name=\"robots\" content=\"index, follow, max-snippet:-1, max-image-preview:large, max-video-preview:-1\" \/>\n<link rel=\"canonical\" href=\"https:\/\/ferenczykollegium.hu\/?page_id=347\" \/>\n<meta property=\"og:locale\" content=\"hu_HU\" \/>\n<meta property=\"og:type\" content=\"article\" \/>\n<meta property=\"og:title\" content=\"Partneriskol\u00e1ink a 2024\/2025-es tan\u00e9vben - Ferenczy No\u00e9mi K\u00f6z\u00e9piskolai Le\u00e1nykoll\u00e9gium\" \/>\n<meta property=\"og:description\" content=\"Az iskol\u00e1k list\u00e1ja tan\u00e9venk\u00e9nt v\u00e1ltozhat. Az iskol\u00e1ba val\u00f3 jelentkez\u00e9s nem jelenti az automatikus koll\u00e9giumi elhelyez\u00e9st, ez\u00e9rt a koll\u00e9giumba k\u00fcl\u00f6n sz\u00fcks\u00e9ges leadni a felv\u00e9teli jelentkez\u00e9si lapot! Jedlik \u00c1nyos Gimn\u00e1zium Budapesti Komplex SZC Kreat\u00edv Technikum Semmelweis Egyetem Raoul Wallenberg T\u00f6bbc\u00e9l\u00fa Szakk\u00e9pz\u0151 Int\u00e9zm\u00e9nye We\u00f6res S\u00e1ndor Gimn\u00e1zium BGSZC B\u00e1nki Don\u00e1t Technikum Semmelweis Egyetem B\u00f3kay J\u00e1nos Szakgimn\u00e1ziuma BKSZC Gundel K\u00e1roly &hellip; &quot;Partneriskol\u00e1ink a 2024\/2025-es tan\u00e9vben&quot; b\u0151vebben\" \/>\n<meta property=\"og:url\" content=\"https:\/\/ferenczykollegium.hu\/?page_id=347\" \/>\n<meta property=\"og:site_name\" content=\"Ferenczy No\u00e9mi K\u00f6z\u00e9piskolai Le\u00e1nykoll\u00e9gium\" \/>\n<meta property=\"article:publisher\" content=\"https:\/\/www.facebook.com\/ferenczynoemi.kozepiskolaikollegium\" \/>\n<meta property=\"article:modified_time\" content=\"2025-02-13T17:21:38+00:00\" \/>\n<meta name=\"twitter:card\" content=\"summary_large_image\" \/>\n<meta name=\"twitter:label1\" content=\"Becs\u00fclt olvas\u00e1si id\u0151\" \/>\n\t<meta name=\"twitter:data1\" content=\"1 perc\" \/>\n<script type=\"application\/ld+json\" class=\"yoast-schema-graph\">{\"@context\":\"https:\/\/schema.org\",\"@graph\":[{\"@type\":\"WebPage\",\"@id\":\"https:\/\/ferenczykollegium.hu\/?page_id=347\",\"url\":\"https:\/\/ferenczykollegium.hu\/?page_id=347\",\"name\":\"Partneriskol\u00e1ink a 2024\/2025-es tan\u00e9vben - Ferenczy No\u00e9mi K\u00f6z\u00e9piskolai Le\u00e1nykoll\u00e9gium\",\"isPartOf\":{\"@id\":\"https:\/\/ferenczykollegium.hu\/#website\"},\"datePublished\":\"2020-01-12T21:31:51+00:00\",\"dateModified\":\"2025-02-13T17:21:38+00:00\",\"breadcrumb\":{\"@id\":\"https:\/\/ferenczykollegium.hu\/?page_id=347#breadcrumb\"},\"inLanguage\":\"hu\",\"potentialAction\":[{\"@type\":\"ReadAction\",\"target\":[\"https:\/\/ferenczykollegium.hu\/?page_id=347\"]}]},{\"@type\":\"BreadcrumbList\",\"@id\":\"https:\/\/ferenczykollegium.hu\/?page_id=347#breadcrumb\",\"itemListElement\":[{\"@type\":\"ListItem\",\"position\":1,\"name\":\"Kezd\u0151lap\",\"item\":\"https:\/\/ferenczykollegium.hu\/\"},{\"@type\":\"ListItem\",\"position\":2,\"name\":\"Partneriskol\u00e1ink a 2024\/2025-es tan\u00e9vben\"}]},{\"@type\":\"WebSite\",\"@id\":\"https:\/\/ferenczykollegium.hu\/#website\",\"url\":\"https:\/\/ferenczykollegium.hu\/\",\"name\":\"Ferenczy No\u00e9mi K\u00f6z\u00e9piskolai Le\u00e1nykoll\u00e9gium\",\"description\":\"\",\"potentialAction\":[{\"@type\":\"SearchAction\",\"target\":{\"@type\":\"EntryPoint\",\"urlTemplate\":\"https:\/\/ferenczykollegium.hu\/?s={search_term_string}\"},\"query-input\":{\"@type\":\"PropertyValueSpecification\",\"valueRequired\":true,\"valueName\":\"search_term_string\"}}],\"inLanguage\":\"hu\"}]}<\/script>\n<!-- \/ Yoast SEO plugin. -->","yoast_head_json":{"title":"Partneriskol\u00e1ink a 2024\/2025-es tan\u00e9vben - Ferenczy No\u00e9mi K\u00f6z\u00e9piskolai Le\u00e1nykoll\u00e9gium","robots":{"index":"index","follow":"follow","max-snippet":"max-snippet:-1","max-image-preview":"max-image-preview:large","max-video-preview":"max-video-preview:-1"},"canonical":"https:\/\/ferenczykollegium.hu\/?page_id=347","og_locale":"hu_HU","og_type":"article","og_title":"Partneriskol\u00e1ink a 2024\/2025-es tan\u00e9vben - Ferenczy No\u00e9mi K\u00f6z\u00e9piskolai Le\u00e1nykoll\u00e9gium","og_description":"Az iskol\u00e1k list\u00e1ja tan\u00e9venk\u00e9nt v\u00e1ltozhat. Az iskol\u00e1ba val\u00f3 jelentkez\u00e9s nem jelenti az automatikus koll\u00e9giumi elhelyez\u00e9st, ez\u00e9rt a koll\u00e9giumba k\u00fcl\u00f6n sz\u00fcks\u00e9ges leadni a felv\u00e9teli jelentkez\u00e9si lapot! Jedlik \u00c1nyos Gimn\u00e1zium Budapesti Komplex SZC Kreat\u00edv Technikum Semmelweis Egyetem Raoul Wallenberg T\u00f6bbc\u00e9l\u00fa Szakk\u00e9pz\u0151 Int\u00e9zm\u00e9nye We\u00f6res S\u00e1ndor Gimn\u00e1zium BGSZC B\u00e1nki Don\u00e1t Technikum Semmelweis Egyetem B\u00f3kay J\u00e1nos Szakgimn\u00e1ziuma BKSZC Gundel K\u00e1roly &hellip; \"Partneriskol\u00e1ink a 2024\/2025-es tan\u00e9vben\" b\u0151vebben","og_url":"https:\/\/ferenczykollegium.hu\/?page_id=347","og_site_name":"Ferenczy No\u00e9mi K\u00f6z\u00e9piskolai Le\u00e1nykoll\u00e9gium","article_publisher":"https:\/\/www.facebook.com\/ferenczynoemi.kozepiskolaikollegium","article_modified_time":"2025-02-13T17:21:38+00:00","twitter_card":"summary_large_image","twitter_misc":{"Becs\u00fclt olvas\u00e1si id\u0151":"1 perc"},"schema":{"@context":"https:\/\/schema.org","@graph":[{"@type":"WebPage","@id":"https:\/\/ferenczykollegium.hu\/?page_id=347","url":"https:\/\/ferenczykollegium.hu\/?page_id=347","name":"Partneriskol\u00e1ink a 2024\/2025-es tan\u00e9vben - Ferenczy No\u00e9mi K\u00f6z\u00e9piskolai Le\u00e1nykoll\u00e9gium","isPartOf":{"@id":"https:\/\/ferenczykollegium.hu\/#website"},"datePublished":"2020-01-12T21:31:51+00:00","dateModified":"2025-02-13T17:21:38+00:00","breadcrumb":{"@id":"https:\/\/ferenczykollegium.hu\/?page_id=347#breadcrumb"},"inLanguage":"hu","potentialAction":[{"@type":"ReadAction","target":["https:\/\/ferenczykollegium.hu\/?page_id=347"]}]},{"@type":"BreadcrumbList","@id":"https:\/\/ferenczykollegium.hu\/?page_id=347#breadcrumb","itemListElement":[{"@type":"ListItem","position":1,"name":"Kezd\u0151lap","item":"https:\/\/ferenczykollegium.hu\/"},{"@type":"ListItem","position":2,"name":"Partneriskol\u00e1ink a 2024\/2025-es tan\u00e9vben"}]},{"@type":"WebSite","@id":"https:\/\/ferenczykollegium.hu\/#website","url":"https:\/\/ferenczykollegium.hu\/","name":"Ferenczy No\u00e9mi K\u00f6z\u00e9piskolai Le\u00e1nykoll\u00e9gium","description":"","potentialAction":[{"@type":"SearchAction","target":{"@type":"EntryPoint","urlTemplate":"https:\/\/ferenczykollegium.hu\/?s={search_term_string}"},"query-input":{"@type":"PropertyValueSpecification","valueRequired":true,"valueName":"search_term_string"}}],"inLanguage":"hu"}]}},"_links":{"self":[{"href":"https:\/\/ferenczykollegium.szoftvered.hu\/index.php?rest_route=\/wp\/v2\/pages\/347","targetHints":{"allow":["GET"]}}],"collection":[{"href":"https:\/\/ferenczykollegium.szoftvered.hu\/index.php?rest_route=\/wp\/v2\/pages"}],"about":[{"href":"https:\/\/ferenczykollegium.szoftvered.hu\/index.php?rest_route=\/wp\/v2\/types\/page"}],"author":[{"embeddable":true,"href":"https:\/\/ferenczykollegium.szoftvered.hu\/index.php?rest_route=\/wp\/v2\/users\/1"}],"replies":[{"embeddable":true,"href":"https:\/\/ferenczykollegium.szoftvered.hu\/index.php?rest_route=%2Fwp%2Fv2%2Fcomments&post=347"}],"version-history":[{"count":31,"href":"https:\/\/ferenczykollegium.szoftvered.hu\/index.php?rest_route=\/wp\/v2\/pages\/347\/revisions"}],"predecessor-version":[{"id":1813,"href":"https:\/\/ferenczykollegium.szoftvered.hu\/index.php?rest_route=\/wp\/v2\/pages\/347\/revisions\/1813"}],"wp:attachment":[{"href":"https:\/\/ferenczykollegium.szoftvered.hu\/index.php?rest_route=%2Fwp%2Fv2%2Fmedia&parent=347"}],"curies":[{"name":"wp","href":"https:\/\/api.w.org\/{rel}","templated":true}]}}