{"id":45,"date":"2019-12-07T15:55:48","date_gmt":"2019-12-07T15:55:48","guid":{"rendered":"http:\/\/demo.ferenczykollegium.hu\/?page_id=45"},"modified":"2022-04-21T10:06:01","modified_gmt":"2022-04-21T10:06:01","slug":"kollegium-nevadoja","status":"publish","type":"page","link":"https:\/\/ferenczykollegium.szoftvered.hu\/?page_id=45","title":{"rendered":"A koll\u00e9gium n\u00e9vad\u00f3ja"},"content":{"rendered":"\n<p><strong>Ferenczy No\u00e9mi<\/strong><\/p>\n\n\n\n<p>(1890-1957)<\/p>\n\n\n\n<p>A k\u00e9t vil\u00e1gh\u00e1bor\u00fa k\u00f6z\u00f6tti magyar m\u00fbv\u00e9szet, \u00e9s a kor eur\u00f3pai falik\u00e1rpit m\u00fbv\u00e9szet\u00e9nek legjelent\u00f5sebb alakja. Szentendr\u00e9n sz\u00fcletett Ferenczy B\u00e9ni ikertestv\u00e9rek\u00e9nt. A k\u00e9t gyermek fejl\u00f5d\u00e9s\u00e9ben meghat\u00e1roz\u00f3 volt a sok utaz\u00e1s, melyek sor\u00e1n tanulm\u00e1nyozhatt\u00e1k az eur\u00f3pai \u00e9p\u00edt\u00e9szet eml\u00e9keit, a k\u00e9pt\u00e1rak gy\u00fbjtem\u00e9nyeit. 1911-t\u00f5l No\u00e9mi P\u00e1rizsban tanulta a k\u00e1rpittervez\u00f5 mesters\u00e9get. L\u00e1zasan dolgozott, s hamarosan m\u00e1r saj\u00e1t elk\u00e9pzel\u00e9seinek megfelel\u00f5en v\u00e1ltoztatott is a tanult elj\u00e1r\u00e1sokon. Az ikrek munk\u00e1ss\u00e1g\u00e1nak tengely\u00e9ben az ember \u00e1llt.<\/p>\n\n\n\n<p>Munk\u00e1ss\u00e1g\u00e1nak eg\u00e9sze a r\u00e9szletekt\u00f5l a monument\u00e1lis form\u00e1kig, a nat\u00far\u00e1t\u00f3l a tiszta dekorativit\u00e1sig terjedt. Korai k\u00e1rpitjait vibr\u00e1l\u00f3 sz\u00ednek tark\u00edtj\u00e1k, k\u00e9s\u00f5bb egyenl\u00f5 f\u00e9nyerej\u00fb fel\u00fcletei pasztelles harm\u00f3ni\u00e1t adnak m\u00fbveinek. Els\u00f5k\u00e9nt \u00f5 is a csal\u00e1d Ernst M\u00fazeumi k\u00f6z\u00f6s ki\u00e1ll\u00edt\u00e1s\u00e1n mutatkozott be 1916-ban, majd \u00e9desapja 1918-as eml\u00e9kki\u00e1ll\u00edt\u00e1s\u00e1n mutatta be k\u00e1rpitjait, terveit. 1920 \u00e9s 1930 k\u00f6z\u00f6tt Erd\u00e9lyben tart\u00f3zkodott. Ezekben az \u00e9vekben k\u00e9sz\u00fclt m\u00fbvein a gondolati tartalom \u00e9s a forma teljes \u00e1talakul\u00e1s\u00e1t figyelhetj\u00fck meg. Elt\u00fbnik a vegetat\u00edv term\u00e9szeti Erre az id\u00f5szakra jellemz\u00f5 a k\u00e1rpitok form\u00e1j\u00e1nak \u00e1talakul\u00e1sa is. Az eddigi fekv\u00f5 form\u00e1tumot felv\u00e1ltja a hossz\u00fa, \u00e1ll\u00f3 t\u00e9glalap alak\u00fa forma. h\u00e1tt\u00e9r, s az emberi alak, ezen kereszt\u00fcl pedig a munka ker\u00fcl az \u00e1br\u00e1zol\u00e1s k\u00f6z\u00e9ppontj\u00e1ba. Egyszer\u00fbs\u00f6dik a forma, cs\u00f6kkennek a sz\u00ednek, n\u00e9h\u00e1ny sz\u00ednt haszn\u00e1l csup\u00e1n, de ezek kor\u00e1bbi munk\u00e1ival ellent\u00e9tben m\u00e9lyek \u00e9s melegek.<\/p>\n\n\n\n<p>1927-t\u00f5la harmincas \u00e9vek k\u00f6zep\u00e9ig f\u00e9rj\u00e9vel egy\u00fctt Brass\u00f3ban \u00e9lt, majd v\u00e9gleg Budapesten telepedett le. K\u00fclf\u00f6ldi ki\u00e1ll\u00edt\u00e1sain nagy sikert aratott k\u00e1rpitjainak jelent\u00f5s r\u00e9sze v\u00e1s\u00e1rl\u00e1sok r\u00e9v\u00e9n k\u00fclf\u00f6ldre ker\u00fclt. 1940-41-ben k\u00e9sz\u00edtette el hivatalos megb\u00edz\u00e1sra Ny\u00edregyh\u00e1za v\u00e1ros\u00e1nak Szent Istv\u00e1nt \u00e1br\u00e1zol\u00f3 10 n\u00e9gyzetm\u00e9teres kompoz\u00edci\u00f3j\u00e1t. <\/p>\n\n\n\n<figure class=\"wp-block-image size-large is-resized\"><img loading=\"lazy\" decoding=\"async\" src=\"http:\/\/ferenczykollegium.hu\/wp-content\/uploads\/2022\/04\/image.png\" alt=\"\" class=\"wp-image-1043\" width=\"397\" height=\"616\" srcset=\"https:\/\/ferenczykollegium.szoftvered.hu\/wp-content\/uploads\/2022\/04\/image.png 348w, https:\/\/ferenczykollegium.szoftvered.hu\/wp-content\/uploads\/2022\/04\/image-193x300.png 193w\" sizes=\"auto, (max-width: 397px) 100vw, 397px\" \/><\/figure>\n","protected":false},"excerpt":{"rendered":"<p>Ferenczy No\u00e9mi (1890-1957) A k\u00e9t vil\u00e1gh\u00e1bor\u00fa k\u00f6z\u00f6tti magyar m\u00fbv\u00e9szet, \u00e9s a kor eur\u00f3pai falik\u00e1rpit m\u00fbv\u00e9szet\u00e9nek legjelent\u00f5sebb alakja. Szentendr\u00e9n sz\u00fcletett Ferenczy B\u00e9ni ikertestv\u00e9rek\u00e9nt. A k\u00e9t gyermek fejl\u00f5d\u00e9s\u00e9ben meghat\u00e1roz\u00f3 volt a sok utaz\u00e1s, melyek sor\u00e1n tanulm\u00e1nyozhatt\u00e1k az eur\u00f3pai \u00e9p\u00edt\u00e9szet eml\u00e9keit, a k\u00e9pt\u00e1rak gy\u00fbjtem\u00e9nyeit. 1911-t\u00f5l No\u00e9mi P\u00e1rizsban tanulta a k\u00e1rpittervez\u00f5 mesters\u00e9get. L\u00e1zasan dolgozott, s hamarosan m\u00e1r saj\u00e1t elk\u00e9pzel\u00e9seinek &hellip; <\/p>\n<p class=\"link-more\"><a href=\"https:\/\/ferenczykollegium.szoftvered.hu\/?page_id=45\" class=\"more-link\"><span class=\"screen-reader-text\">&#8222;A koll\u00e9gium n\u00e9vad\u00f3ja&#8221;<\/span> b\u0151vebben<\/a><\/p>\n","protected":false},"author":1,"featured_media":0,"parent":0,"menu_order":0,"comment_status":"closed","ping_status":"closed","template":"","meta":{"ngg_post_thumbnail":0,"_mc_calendar":[],"footnotes":""},"class_list":["post-45","page","type-page","status-publish","hentry"],"yoast_head":"<!-- This site is optimized with the Yoast SEO plugin v25.1 - https:\/\/yoast.com\/wordpress\/plugins\/seo\/ -->\n<title>A koll\u00e9gium n\u00e9vad\u00f3ja - Ferenczy No\u00e9mi K\u00f6z\u00e9piskolai Le\u00e1nykoll\u00e9gium<\/title>\n<meta name=\"robots\" content=\"index, follow, max-snippet:-1, max-image-preview:large, max-video-preview:-1\" \/>\n<link rel=\"canonical\" href=\"https:\/\/ferenczykollegium.hu\/?page_id=45\" \/>\n<meta property=\"og:locale\" content=\"hu_HU\" \/>\n<meta property=\"og:type\" content=\"article\" \/>\n<meta property=\"og:title\" content=\"A koll\u00e9gium n\u00e9vad\u00f3ja - Ferenczy No\u00e9mi K\u00f6z\u00e9piskolai Le\u00e1nykoll\u00e9gium\" \/>\n<meta property=\"og:description\" content=\"Ferenczy No\u00e9mi (1890-1957) A k\u00e9t vil\u00e1gh\u00e1bor\u00fa k\u00f6z\u00f6tti magyar m\u00fbv\u00e9szet, \u00e9s a kor eur\u00f3pai falik\u00e1rpit m\u00fbv\u00e9szet\u00e9nek legjelent\u00f5sebb alakja. Szentendr\u00e9n sz\u00fcletett Ferenczy B\u00e9ni ikertestv\u00e9rek\u00e9nt. A k\u00e9t gyermek fejl\u00f5d\u00e9s\u00e9ben meghat\u00e1roz\u00f3 volt a sok utaz\u00e1s, melyek sor\u00e1n tanulm\u00e1nyozhatt\u00e1k az eur\u00f3pai \u00e9p\u00edt\u00e9szet eml\u00e9keit, a k\u00e9pt\u00e1rak gy\u00fbjtem\u00e9nyeit. 1911-t\u00f5l No\u00e9mi P\u00e1rizsban tanulta a k\u00e1rpittervez\u00f5 mesters\u00e9get. L\u00e1zasan dolgozott, s hamarosan m\u00e1r saj\u00e1t elk\u00e9pzel\u00e9seinek &hellip; &quot;A koll\u00e9gium n\u00e9vad\u00f3ja&quot; b\u0151vebben\" \/>\n<meta property=\"og:url\" content=\"https:\/\/ferenczykollegium.hu\/?page_id=45\" \/>\n<meta property=\"og:site_name\" content=\"Ferenczy No\u00e9mi K\u00f6z\u00e9piskolai Le\u00e1nykoll\u00e9gium\" \/>\n<meta property=\"article:publisher\" content=\"https:\/\/www.facebook.com\/ferenczynoemi.kozepiskolaikollegium\" \/>\n<meta property=\"article:modified_time\" content=\"2022-04-21T10:06:01+00:00\" \/>\n<meta property=\"og:image\" content=\"http:\/\/ferenczykollegium.hu\/wp-content\/uploads\/2022\/04\/image.png\" \/>\n<meta name=\"twitter:card\" content=\"summary_large_image\" \/>\n<meta name=\"twitter:label1\" content=\"Becs\u00fclt olvas\u00e1si id\u0151\" \/>\n\t<meta name=\"twitter:data1\" content=\"2 perc\" \/>\n<script type=\"application\/ld+json\" class=\"yoast-schema-graph\">{\"@context\":\"https:\/\/schema.org\",\"@graph\":[{\"@type\":\"WebPage\",\"@id\":\"https:\/\/ferenczykollegium.hu\/?page_id=45\",\"url\":\"https:\/\/ferenczykollegium.hu\/?page_id=45\",\"name\":\"A koll\u00e9gium n\u00e9vad\u00f3ja - Ferenczy No\u00e9mi K\u00f6z\u00e9piskolai Le\u00e1nykoll\u00e9gium\",\"isPartOf\":{\"@id\":\"https:\/\/ferenczykollegium.hu\/#website\"},\"primaryImageOfPage\":{\"@id\":\"https:\/\/ferenczykollegium.hu\/?page_id=45#primaryimage\"},\"image\":{\"@id\":\"https:\/\/ferenczykollegium.hu\/?page_id=45#primaryimage\"},\"thumbnailUrl\":\"http:\/\/ferenczykollegium.hu\/wp-content\/uploads\/2022\/04\/image.png\",\"datePublished\":\"2019-12-07T15:55:48+00:00\",\"dateModified\":\"2022-04-21T10:06:01+00:00\",\"breadcrumb\":{\"@id\":\"https:\/\/ferenczykollegium.hu\/?page_id=45#breadcrumb\"},\"inLanguage\":\"hu\",\"potentialAction\":[{\"@type\":\"ReadAction\",\"target\":[\"https:\/\/ferenczykollegium.hu\/?page_id=45\"]}]},{\"@type\":\"ImageObject\",\"inLanguage\":\"hu\",\"@id\":\"https:\/\/ferenczykollegium.hu\/?page_id=45#primaryimage\",\"url\":\"http:\/\/ferenczykollegium.hu\/wp-content\/uploads\/2022\/04\/image.png\",\"contentUrl\":\"http:\/\/ferenczykollegium.hu\/wp-content\/uploads\/2022\/04\/image.png\"},{\"@type\":\"BreadcrumbList\",\"@id\":\"https:\/\/ferenczykollegium.hu\/?page_id=45#breadcrumb\",\"itemListElement\":[{\"@type\":\"ListItem\",\"position\":1,\"name\":\"Kezd\u0151lap\",\"item\":\"https:\/\/ferenczykollegium.hu\/\"},{\"@type\":\"ListItem\",\"position\":2,\"name\":\"A koll\u00e9gium n\u00e9vad\u00f3ja\"}]},{\"@type\":\"WebSite\",\"@id\":\"https:\/\/ferenczykollegium.hu\/#website\",\"url\":\"https:\/\/ferenczykollegium.hu\/\",\"name\":\"Ferenczy No\u00e9mi K\u00f6z\u00e9piskolai Le\u00e1nykoll\u00e9gium\",\"description\":\"\",\"potentialAction\":[{\"@type\":\"SearchAction\",\"target\":{\"@type\":\"EntryPoint\",\"urlTemplate\":\"https:\/\/ferenczykollegium.hu\/?s={search_term_string}\"},\"query-input\":{\"@type\":\"PropertyValueSpecification\",\"valueRequired\":true,\"valueName\":\"search_term_string\"}}],\"inLanguage\":\"hu\"}]}<\/script>\n<!-- \/ Yoast SEO plugin. -->","yoast_head_json":{"title":"A koll\u00e9gium n\u00e9vad\u00f3ja - Ferenczy No\u00e9mi K\u00f6z\u00e9piskolai Le\u00e1nykoll\u00e9gium","robots":{"index":"index","follow":"follow","max-snippet":"max-snippet:-1","max-image-preview":"max-image-preview:large","max-video-preview":"max-video-preview:-1"},"canonical":"https:\/\/ferenczykollegium.hu\/?page_id=45","og_locale":"hu_HU","og_type":"article","og_title":"A koll\u00e9gium n\u00e9vad\u00f3ja - Ferenczy No\u00e9mi K\u00f6z\u00e9piskolai Le\u00e1nykoll\u00e9gium","og_description":"Ferenczy No\u00e9mi (1890-1957) A k\u00e9t vil\u00e1gh\u00e1bor\u00fa k\u00f6z\u00f6tti magyar m\u00fbv\u00e9szet, \u00e9s a kor eur\u00f3pai falik\u00e1rpit m\u00fbv\u00e9szet\u00e9nek legjelent\u00f5sebb alakja. Szentendr\u00e9n sz\u00fcletett Ferenczy B\u00e9ni ikertestv\u00e9rek\u00e9nt. A k\u00e9t gyermek fejl\u00f5d\u00e9s\u00e9ben meghat\u00e1roz\u00f3 volt a sok utaz\u00e1s, melyek sor\u00e1n tanulm\u00e1nyozhatt\u00e1k az eur\u00f3pai \u00e9p\u00edt\u00e9szet eml\u00e9keit, a k\u00e9pt\u00e1rak gy\u00fbjtem\u00e9nyeit. 1911-t\u00f5l No\u00e9mi P\u00e1rizsban tanulta a k\u00e1rpittervez\u00f5 mesters\u00e9get. L\u00e1zasan dolgozott, s hamarosan m\u00e1r saj\u00e1t elk\u00e9pzel\u00e9seinek &hellip; \"A koll\u00e9gium n\u00e9vad\u00f3ja\" b\u0151vebben","og_url":"https:\/\/ferenczykollegium.hu\/?page_id=45","og_site_name":"Ferenczy No\u00e9mi K\u00f6z\u00e9piskolai Le\u00e1nykoll\u00e9gium","article_publisher":"https:\/\/www.facebook.com\/ferenczynoemi.kozepiskolaikollegium","article_modified_time":"2022-04-21T10:06:01+00:00","og_image":[{"url":"http:\/\/ferenczykollegium.hu\/wp-content\/uploads\/2022\/04\/image.png","type":"","width":"","height":""}],"twitter_card":"summary_large_image","twitter_misc":{"Becs\u00fclt olvas\u00e1si id\u0151":"2 perc"},"schema":{"@context":"https:\/\/schema.org","@graph":[{"@type":"WebPage","@id":"https:\/\/ferenczykollegium.hu\/?page_id=45","url":"https:\/\/ferenczykollegium.hu\/?page_id=45","name":"A koll\u00e9gium n\u00e9vad\u00f3ja - Ferenczy No\u00e9mi K\u00f6z\u00e9piskolai Le\u00e1nykoll\u00e9gium","isPartOf":{"@id":"https:\/\/ferenczykollegium.hu\/#website"},"primaryImageOfPage":{"@id":"https:\/\/ferenczykollegium.hu\/?page_id=45#primaryimage"},"image":{"@id":"https:\/\/ferenczykollegium.hu\/?page_id=45#primaryimage"},"thumbnailUrl":"http:\/\/ferenczykollegium.hu\/wp-content\/uploads\/2022\/04\/image.png","datePublished":"2019-12-07T15:55:48+00:00","dateModified":"2022-04-21T10:06:01+00:00","breadcrumb":{"@id":"https:\/\/ferenczykollegium.hu\/?page_id=45#breadcrumb"},"inLanguage":"hu","potentialAction":[{"@type":"ReadAction","target":["https:\/\/ferenczykollegium.hu\/?page_id=45"]}]},{"@type":"ImageObject","inLanguage":"hu","@id":"https:\/\/ferenczykollegium.hu\/?page_id=45#primaryimage","url":"http:\/\/ferenczykollegium.hu\/wp-content\/uploads\/2022\/04\/image.png","contentUrl":"http:\/\/ferenczykollegium.hu\/wp-content\/uploads\/2022\/04\/image.png"},{"@type":"BreadcrumbList","@id":"https:\/\/ferenczykollegium.hu\/?page_id=45#breadcrumb","itemListElement":[{"@type":"ListItem","position":1,"name":"Kezd\u0151lap","item":"https:\/\/ferenczykollegium.hu\/"},{"@type":"ListItem","position":2,"name":"A koll\u00e9gium n\u00e9vad\u00f3ja"}]},{"@type":"WebSite","@id":"https:\/\/ferenczykollegium.hu\/#website","url":"https:\/\/ferenczykollegium.hu\/","name":"Ferenczy No\u00e9mi K\u00f6z\u00e9piskolai Le\u00e1nykoll\u00e9gium","description":"","potentialAction":[{"@type":"SearchAction","target":{"@type":"EntryPoint","urlTemplate":"https:\/\/ferenczykollegium.hu\/?s={search_term_string}"},"query-input":{"@type":"PropertyValueSpecification","valueRequired":true,"valueName":"search_term_string"}}],"inLanguage":"hu"}]}},"_links":{"self":[{"href":"https:\/\/ferenczykollegium.szoftvered.hu\/index.php?rest_route=\/wp\/v2\/pages\/45","targetHints":{"allow":["GET"]}}],"collection":[{"href":"https:\/\/ferenczykollegium.szoftvered.hu\/index.php?rest_route=\/wp\/v2\/pages"}],"about":[{"href":"https:\/\/ferenczykollegium.szoftvered.hu\/index.php?rest_route=\/wp\/v2\/types\/page"}],"author":[{"embeddable":true,"href":"https:\/\/ferenczykollegium.szoftvered.hu\/index.php?rest_route=\/wp\/v2\/users\/1"}],"replies":[{"embeddable":true,"href":"https:\/\/ferenczykollegium.szoftvered.hu\/index.php?rest_route=%2Fwp%2Fv2%2Fcomments&post=45"}],"version-history":[{"count":4,"href":"https:\/\/ferenczykollegium.szoftvered.hu\/index.php?rest_route=\/wp\/v2\/pages\/45\/revisions"}],"predecessor-version":[{"id":1044,"href":"https:\/\/ferenczykollegium.szoftvered.hu\/index.php?rest_route=\/wp\/v2\/pages\/45\/revisions\/1044"}],"wp:attachment":[{"href":"https:\/\/ferenczykollegium.szoftvered.hu\/index.php?rest_route=%2Fwp%2Fv2%2Fmedia&parent=45"}],"curies":[{"name":"wp","href":"https:\/\/api.w.org\/{rel}","templated":true}]}}