{"id":585,"date":"2020-02-03T14:42:31","date_gmt":"2020-02-03T14:42:31","guid":{"rendered":"http:\/\/ferenczykollegium.hu\/?page_id=585"},"modified":"2025-05-21T17:58:35","modified_gmt":"2025-05-21T17:58:35","slug":"esemenyeink","status":"publish","type":"page","link":"https:\/\/ferenczykollegium.szoftvered.hu\/?page_id=585","title":{"rendered":"Esem\u00e9nyeink"},"content":{"rendered":"\n<p class=\"has-vivid-red-color has-text-color has-medium-font-size\">N\u00e9pliget t\u00e1jfut\u00e1s 2025.05.14.<\/p>\n\n\n\n<figure class=\"wp-block-image size-large\"><img loading=\"lazy\" decoding=\"async\" width=\"461\" height=\"1024\" src=\"https:\/\/ferenczykollegium.hu\/wp-content\/uploads\/2025\/05\/IMG_20250514_153529-1-461x1024.jpg\" alt=\"\" class=\"wp-image-2070\" srcset=\"https:\/\/ferenczykollegium.szoftvered.hu\/wp-content\/uploads\/2025\/05\/IMG_20250514_153529-1-461x1024.jpg 461w, https:\/\/ferenczykollegium.szoftvered.hu\/wp-content\/uploads\/2025\/05\/IMG_20250514_153529-1-135x300.jpg 135w, https:\/\/ferenczykollegium.szoftvered.hu\/wp-content\/uploads\/2025\/05\/IMG_20250514_153529-1-768x1707.jpg 768w, https:\/\/ferenczykollegium.szoftvered.hu\/wp-content\/uploads\/2025\/05\/IMG_20250514_153529-1-691x1536.jpg 691w, https:\/\/ferenczykollegium.szoftvered.hu\/wp-content\/uploads\/2025\/05\/IMG_20250514_153529-1-922x2048.jpg 922w, https:\/\/ferenczykollegium.szoftvered.hu\/wp-content\/uploads\/2025\/05\/IMG_20250514_153529-1-scaled.jpg 1152w\" sizes=\"auto, (max-width: 461px) 100vw, 461px\" \/><\/figure>\n\n\n\n<figure class=\"wp-block-image size-large\"><img loading=\"lazy\" decoding=\"async\" width=\"768\" height=\"1024\" src=\"https:\/\/ferenczykollegium.hu\/wp-content\/uploads\/2025\/05\/20250514_162456-1-768x1024.jpg\" alt=\"\" class=\"wp-image-2065\" srcset=\"https:\/\/ferenczykollegium.szoftvered.hu\/wp-content\/uploads\/2025\/05\/20250514_162456-1-768x1024.jpg 768w, https:\/\/ferenczykollegium.szoftvered.hu\/wp-content\/uploads\/2025\/05\/20250514_162456-1-225x300.jpg 225w, https:\/\/ferenczykollegium.szoftvered.hu\/wp-content\/uploads\/2025\/05\/20250514_162456-1-1152x1536.jpg 1152w, https:\/\/ferenczykollegium.szoftvered.hu\/wp-content\/uploads\/2025\/05\/20250514_162456-1-1536x2048.jpg 1536w, https:\/\/ferenczykollegium.szoftvered.hu\/wp-content\/uploads\/2025\/05\/20250514_162456-1-scaled.jpg 1920w\" sizes=\"auto, (max-width: 767px) 89vw, (max-width: 1000px) 54vw, (max-width: 1071px) 543px, 580px\" \/><\/figure>\n\n\n\n<figure class=\"wp-block-image size-large\"><img loading=\"lazy\" decoding=\"async\" width=\"768\" height=\"1024\" src=\"https:\/\/ferenczykollegium.hu\/wp-content\/uploads\/2025\/05\/20250514_174838-1-768x1024.jpg\" alt=\"\" class=\"wp-image-2068\" srcset=\"https:\/\/ferenczykollegium.szoftvered.hu\/wp-content\/uploads\/2025\/05\/20250514_174838-1-768x1024.jpg 768w, https:\/\/ferenczykollegium.szoftvered.hu\/wp-content\/uploads\/2025\/05\/20250514_174838-1-225x300.jpg 225w, https:\/\/ferenczykollegium.szoftvered.hu\/wp-content\/uploads\/2025\/05\/20250514_174838-1-1152x1536.jpg 1152w, https:\/\/ferenczykollegium.szoftvered.hu\/wp-content\/uploads\/2025\/05\/20250514_174838-1-1536x2048.jpg 1536w, https:\/\/ferenczykollegium.szoftvered.hu\/wp-content\/uploads\/2025\/05\/20250514_174838-1-scaled.jpg 1920w\" sizes=\"auto, (max-width: 767px) 89vw, (max-width: 1000px) 54vw, (max-width: 1071px) 543px, 580px\" \/><\/figure>\n\n\n\n<figure class=\"wp-block-image size-large\"><img loading=\"lazy\" decoding=\"async\" width=\"768\" height=\"1024\" src=\"https:\/\/ferenczykollegium.hu\/wp-content\/uploads\/2025\/05\/d4b3ef0a-9f0e-4660-bf69-3f55335989ef-1-768x1024.jpg\" alt=\"\" class=\"wp-image-2064\" srcset=\"https:\/\/ferenczykollegium.szoftvered.hu\/wp-content\/uploads\/2025\/05\/d4b3ef0a-9f0e-4660-bf69-3f55335989ef-1-768x1024.jpg 768w, https:\/\/ferenczykollegium.szoftvered.hu\/wp-content\/uploads\/2025\/05\/d4b3ef0a-9f0e-4660-bf69-3f55335989ef-1-225x300.jpg 225w, https:\/\/ferenczykollegium.szoftvered.hu\/wp-content\/uploads\/2025\/05\/d4b3ef0a-9f0e-4660-bf69-3f55335989ef-1-1152x1536.jpg 1152w, https:\/\/ferenczykollegium.szoftvered.hu\/wp-content\/uploads\/2025\/05\/d4b3ef0a-9f0e-4660-bf69-3f55335989ef-1.jpg 1536w\" sizes=\"auto, (max-width: 767px) 89vw, (max-width: 1000px) 54vw, (max-width: 1071px) 543px, 580px\" \/><\/figure>\n\n\n\n<figure class=\"wp-block-image size-large\"><img loading=\"lazy\" decoding=\"async\" width=\"1024\" height=\"461\" src=\"https:\/\/ferenczykollegium.hu\/wp-content\/uploads\/2025\/05\/IMG_20250514_153343-1-1024x461.jpg\" alt=\"\" class=\"wp-image-2066\" srcset=\"https:\/\/ferenczykollegium.szoftvered.hu\/wp-content\/uploads\/2025\/05\/IMG_20250514_153343-1-1024x461.jpg 1024w, https:\/\/ferenczykollegium.szoftvered.hu\/wp-content\/uploads\/2025\/05\/IMG_20250514_153343-1-300x135.jpg 300w, https:\/\/ferenczykollegium.szoftvered.hu\/wp-content\/uploads\/2025\/05\/IMG_20250514_153343-1-768x346.jpg 768w, https:\/\/ferenczykollegium.szoftvered.hu\/wp-content\/uploads\/2025\/05\/IMG_20250514_153343-1-1536x691.jpg 1536w, https:\/\/ferenczykollegium.szoftvered.hu\/wp-content\/uploads\/2025\/05\/IMG_20250514_153343-1-2048x922.jpg 2048w\" sizes=\"auto, (max-width: 767px) 89vw, (max-width: 1000px) 54vw, (max-width: 1071px) 543px, 580px\" \/><\/figure>\n\n\n\n<figure class=\"wp-block-image size-large\"><img loading=\"lazy\" decoding=\"async\" width=\"1024\" height=\"461\" src=\"https:\/\/ferenczykollegium.hu\/wp-content\/uploads\/2025\/05\/IMG_20250514_162856-1-1024x461.jpg\" alt=\"\" class=\"wp-image-2069\" srcset=\"https:\/\/ferenczykollegium.szoftvered.hu\/wp-content\/uploads\/2025\/05\/IMG_20250514_162856-1-1024x461.jpg 1024w, https:\/\/ferenczykollegium.szoftvered.hu\/wp-content\/uploads\/2025\/05\/IMG_20250514_162856-1-300x135.jpg 300w, https:\/\/ferenczykollegium.szoftvered.hu\/wp-content\/uploads\/2025\/05\/IMG_20250514_162856-1-768x346.jpg 768w, https:\/\/ferenczykollegium.szoftvered.hu\/wp-content\/uploads\/2025\/05\/IMG_20250514_162856-1-1536x691.jpg 1536w, https:\/\/ferenczykollegium.szoftvered.hu\/wp-content\/uploads\/2025\/05\/IMG_20250514_162856-1-2048x922.jpg 2048w\" sizes=\"auto, (max-width: 767px) 89vw, (max-width: 1000px) 54vw, (max-width: 1071px) 543px, 580px\" \/><\/figure>\n\n\n\n<figure class=\"wp-block-image size-large\"><img loading=\"lazy\" decoding=\"async\" width=\"1024\" height=\"768\" src=\"https:\/\/ferenczykollegium.hu\/wp-content\/uploads\/2025\/05\/0fa9f558-db43-495f-8b40-3c3bd4115923-1-1024x768.jpg\" alt=\"\" class=\"wp-image-2067\" srcset=\"https:\/\/ferenczykollegium.szoftvered.hu\/wp-content\/uploads\/2025\/05\/0fa9f558-db43-495f-8b40-3c3bd4115923-1-1024x768.jpg 1024w, https:\/\/ferenczykollegium.szoftvered.hu\/wp-content\/uploads\/2025\/05\/0fa9f558-db43-495f-8b40-3c3bd4115923-1-300x225.jpg 300w, https:\/\/ferenczykollegium.szoftvered.hu\/wp-content\/uploads\/2025\/05\/0fa9f558-db43-495f-8b40-3c3bd4115923-1-768x576.jpg 768w, https:\/\/ferenczykollegium.szoftvered.hu\/wp-content\/uploads\/2025\/05\/0fa9f558-db43-495f-8b40-3c3bd4115923-1-1536x1152.jpg 1536w, https:\/\/ferenczykollegium.szoftvered.hu\/wp-content\/uploads\/2025\/05\/0fa9f558-db43-495f-8b40-3c3bd4115923-1.jpg 2048w\" sizes=\"auto, (max-width: 767px) 89vw, (max-width: 1000px) 54vw, (max-width: 1071px) 543px, 580px\" \/><\/figure>\n\n\n\n<p class=\"has-vivid-red-color has-text-color\">BALLAG\u00c1S 2025.04.14.<\/p>\n\n\n\n<figure class=\"wp-block-image size-large\"><img loading=\"lazy\" decoding=\"async\" width=\"1024\" height=\"768\" src=\"https:\/\/ferenczykollegium.hu\/wp-content\/uploads\/2025\/05\/Honlapra_10_Csoportkep-1-1024x768.jpg\" alt=\"\" class=\"wp-image-2034\" srcset=\"https:\/\/ferenczykollegium.szoftvered.hu\/wp-content\/uploads\/2025\/05\/Honlapra_10_Csoportkep-1-1024x768.jpg 1024w, https:\/\/ferenczykollegium.szoftvered.hu\/wp-content\/uploads\/2025\/05\/Honlapra_10_Csoportkep-1-300x225.jpg 300w, https:\/\/ferenczykollegium.szoftvered.hu\/wp-content\/uploads\/2025\/05\/Honlapra_10_Csoportkep-1-768x576.jpg 768w, https:\/\/ferenczykollegium.szoftvered.hu\/wp-content\/uploads\/2025\/05\/Honlapra_10_Csoportkep-1-1536x1152.jpg 1536w, https:\/\/ferenczykollegium.szoftvered.hu\/wp-content\/uploads\/2025\/05\/Honlapra_10_Csoportkep-1.jpg 2048w\" sizes=\"auto, (max-width: 767px) 89vw, (max-width: 1000px) 54vw, (max-width: 1071px) 543px, 580px\" \/><\/figure>\n\n\n\n<figure class=\"wp-block-image size-large\"><img loading=\"lazy\" decoding=\"async\" width=\"768\" height=\"1024\" src=\"http:\/\/ferenczykollegium.hu\/wp-content\/uploads\/2025\/05\/Honlapra_2_Vonulas-768x1024.jpg\" alt=\"\" class=\"wp-image-2028\" srcset=\"https:\/\/ferenczykollegium.szoftvered.hu\/wp-content\/uploads\/2025\/05\/Honlapra_2_Vonulas-768x1024.jpg 768w, https:\/\/ferenczykollegium.szoftvered.hu\/wp-content\/uploads\/2025\/05\/Honlapra_2_Vonulas-225x300.jpg 225w, https:\/\/ferenczykollegium.szoftvered.hu\/wp-content\/uploads\/2025\/05\/Honlapra_2_Vonulas-1152x1536.jpg 1152w, https:\/\/ferenczykollegium.szoftvered.hu\/wp-content\/uploads\/2025\/05\/Honlapra_2_Vonulas.jpg 1536w\" sizes=\"auto, (max-width: 767px) 89vw, (max-width: 1000px) 54vw, (max-width: 1071px) 543px, 580px\" \/><\/figure>\n\n\n\n<figure class=\"wp-block-image size-large\"><img loading=\"lazy\" decoding=\"async\" width=\"1024\" height=\"768\" src=\"https:\/\/ferenczykollegium.hu\/wp-content\/uploads\/2025\/05\/5_Hallgatosag-1024x768.jpg\" alt=\"\" class=\"wp-image-2035\" srcset=\"https:\/\/ferenczykollegium.szoftvered.hu\/wp-content\/uploads\/2025\/05\/5_Hallgatosag-1024x768.jpg 1024w, https:\/\/ferenczykollegium.szoftvered.hu\/wp-content\/uploads\/2025\/05\/5_Hallgatosag-300x225.jpg 300w, https:\/\/ferenczykollegium.szoftvered.hu\/wp-content\/uploads\/2025\/05\/5_Hallgatosag-768x576.jpg 768w, https:\/\/ferenczykollegium.szoftvered.hu\/wp-content\/uploads\/2025\/05\/5_Hallgatosag-1536x1152.jpg 1536w, https:\/\/ferenczykollegium.szoftvered.hu\/wp-content\/uploads\/2025\/05\/5_Hallgatosag.jpg 2048w\" sizes=\"auto, (max-width: 767px) 89vw, (max-width: 1000px) 54vw, (max-width: 1071px) 543px, 580px\" \/><\/figure>\n\n\n\n<p>2025.03.15.<\/p>\n\n\n\n<p>1848-as megeml\u00e9kez\u00e9s<\/p>\n\n\n\n<figure class=\"wp-block-image size-large\"><img loading=\"lazy\" decoding=\"async\" width=\"1024\" height=\"768\" src=\"https:\/\/ferenczykollegium.hu\/wp-content\/uploads\/2025\/03\/20250310_184730-1-1024x768.jpg\" alt=\"\" class=\"wp-image-1958\" srcset=\"https:\/\/ferenczykollegium.szoftvered.hu\/wp-content\/uploads\/2025\/03\/20250310_184730-1-1024x768.jpg 1024w, https:\/\/ferenczykollegium.szoftvered.hu\/wp-content\/uploads\/2025\/03\/20250310_184730-1-300x225.jpg 300w, https:\/\/ferenczykollegium.szoftvered.hu\/wp-content\/uploads\/2025\/03\/20250310_184730-1-768x576.jpg 768w, https:\/\/ferenczykollegium.szoftvered.hu\/wp-content\/uploads\/2025\/03\/20250310_184730-1-1536x1152.jpg 1536w, https:\/\/ferenczykollegium.szoftvered.hu\/wp-content\/uploads\/2025\/03\/20250310_184730-1-2048x1536.jpg 2048w\" sizes=\"auto, (max-width: 767px) 89vw, (max-width: 1000px) 54vw, (max-width: 1071px) 543px, 580px\" \/><\/figure>\n\n\n\n<figure class=\"wp-block-image size-large\"><img loading=\"lazy\" decoding=\"async\" width=\"1024\" height=\"768\" src=\"https:\/\/ferenczykollegium.hu\/wp-content\/uploads\/2025\/03\/20250310_183618-1-1024x768.jpg\" alt=\"\" class=\"wp-image-1959\" srcset=\"https:\/\/ferenczykollegium.szoftvered.hu\/wp-content\/uploads\/2025\/03\/20250310_183618-1-1024x768.jpg 1024w, https:\/\/ferenczykollegium.szoftvered.hu\/wp-content\/uploads\/2025\/03\/20250310_183618-1-300x225.jpg 300w, https:\/\/ferenczykollegium.szoftvered.hu\/wp-content\/uploads\/2025\/03\/20250310_183618-1-768x576.jpg 768w, https:\/\/ferenczykollegium.szoftvered.hu\/wp-content\/uploads\/2025\/03\/20250310_183618-1-1536x1152.jpg 1536w, https:\/\/ferenczykollegium.szoftvered.hu\/wp-content\/uploads\/2025\/03\/20250310_183618-1-2048x1536.jpg 2048w\" sizes=\"auto, (max-width: 767px) 89vw, (max-width: 1000px) 54vw, (max-width: 1071px) 543px, 580px\" \/><\/figure>\n\n\n\n<figure class=\"wp-block-image size-large\"><img loading=\"lazy\" decoding=\"async\" width=\"768\" height=\"1024\" src=\"https:\/\/ferenczykollegium.hu\/wp-content\/uploads\/2025\/03\/20250310_172003-768x1024.jpg\" alt=\"\" class=\"wp-image-1954\" srcset=\"https:\/\/ferenczykollegium.szoftvered.hu\/wp-content\/uploads\/2025\/03\/20250310_172003-768x1024.jpg 768w, https:\/\/ferenczykollegium.szoftvered.hu\/wp-content\/uploads\/2025\/03\/20250310_172003-225x300.jpg 225w, https:\/\/ferenczykollegium.szoftvered.hu\/wp-content\/uploads\/2025\/03\/20250310_172003-1152x1536.jpg 1152w, https:\/\/ferenczykollegium.szoftvered.hu\/wp-content\/uploads\/2025\/03\/20250310_172003-1536x2048.jpg 1536w, https:\/\/ferenczykollegium.szoftvered.hu\/wp-content\/uploads\/2025\/03\/20250310_172003-scaled.jpg 1920w\" sizes=\"auto, (max-width: 767px) 89vw, (max-width: 1000px) 54vw, (max-width: 1071px) 543px, 580px\" \/><\/figure>\n\n\n\n<figure class=\"wp-block-image size-large\"><img loading=\"lazy\" decoding=\"async\" width=\"768\" height=\"1024\" src=\"https:\/\/ferenczykollegium.hu\/wp-content\/uploads\/2025\/03\/20250310_171556-768x1024.jpg\" alt=\"\" class=\"wp-image-1956\" srcset=\"https:\/\/ferenczykollegium.szoftvered.hu\/wp-content\/uploads\/2025\/03\/20250310_171556-768x1024.jpg 768w, https:\/\/ferenczykollegium.szoftvered.hu\/wp-content\/uploads\/2025\/03\/20250310_171556-225x300.jpg 225w, https:\/\/ferenczykollegium.szoftvered.hu\/wp-content\/uploads\/2025\/03\/20250310_171556-1152x1536.jpg 1152w, https:\/\/ferenczykollegium.szoftvered.hu\/wp-content\/uploads\/2025\/03\/20250310_171556-1536x2048.jpg 1536w, https:\/\/ferenczykollegium.szoftvered.hu\/wp-content\/uploads\/2025\/03\/20250310_171556-scaled.jpg 1920w\" sizes=\"auto, (max-width: 767px) 89vw, (max-width: 1000px) 54vw, (max-width: 1071px) 543px, 580px\" \/><\/figure>\n\n\n\n<figure class=\"wp-block-image size-large\"><img loading=\"lazy\" decoding=\"async\" width=\"768\" height=\"1024\" src=\"https:\/\/ferenczykollegium.hu\/wp-content\/uploads\/2025\/03\/20250310_171629-768x1024.jpg\" alt=\"\" class=\"wp-image-1957\" srcset=\"https:\/\/ferenczykollegium.szoftvered.hu\/wp-content\/uploads\/2025\/03\/20250310_171629-768x1024.jpg 768w, https:\/\/ferenczykollegium.szoftvered.hu\/wp-content\/uploads\/2025\/03\/20250310_171629-225x300.jpg 225w, https:\/\/ferenczykollegium.szoftvered.hu\/wp-content\/uploads\/2025\/03\/20250310_171629-1152x1536.jpg 1152w, https:\/\/ferenczykollegium.szoftvered.hu\/wp-content\/uploads\/2025\/03\/20250310_171629-1536x2048.jpg 1536w, https:\/\/ferenczykollegium.szoftvered.hu\/wp-content\/uploads\/2025\/03\/20250310_171629-scaled.jpg 1920w\" sizes=\"auto, (max-width: 767px) 89vw, (max-width: 1000px) 54vw, (max-width: 1071px) 543px, 580px\" \/><\/figure>\n\n\n\n<figure class=\"wp-block-image size-large\"><img loading=\"lazy\" decoding=\"async\" width=\"768\" height=\"1024\" src=\"https:\/\/ferenczykollegium.hu\/wp-content\/uploads\/2025\/03\/20250310_171942-768x1024.jpg\" alt=\"\" class=\"wp-image-1955\" srcset=\"https:\/\/ferenczykollegium.szoftvered.hu\/wp-content\/uploads\/2025\/03\/20250310_171942-768x1024.jpg 768w, https:\/\/ferenczykollegium.szoftvered.hu\/wp-content\/uploads\/2025\/03\/20250310_171942-225x300.jpg 225w, https:\/\/ferenczykollegium.szoftvered.hu\/wp-content\/uploads\/2025\/03\/20250310_171942-1152x1536.jpg 1152w, https:\/\/ferenczykollegium.szoftvered.hu\/wp-content\/uploads\/2025\/03\/20250310_171942-1536x2048.jpg 1536w, https:\/\/ferenczykollegium.szoftvered.hu\/wp-content\/uploads\/2025\/03\/20250310_171942-scaled.jpg 1920w\" sizes=\"auto, (max-width: 767px) 89vw, (max-width: 1000px) 54vw, (max-width: 1071px) 543px, 580px\" \/><\/figure>\n\n\n\n<p>N\u00c9VAD\u00d3 2024<\/p>\n\n\n\n<figure class=\"wp-block-image size-large\"><img loading=\"lazy\" decoding=\"async\" width=\"768\" height=\"1024\" src=\"https:\/\/ferenczykollegium.hu\/wp-content\/uploads\/2025\/02\/20241125_183657-768x1024.jpg\" alt=\"\" class=\"wp-image-1824\" srcset=\"https:\/\/ferenczykollegium.szoftvered.hu\/wp-content\/uploads\/2025\/02\/20241125_183657-768x1024.jpg 768w, https:\/\/ferenczykollegium.szoftvered.hu\/wp-content\/uploads\/2025\/02\/20241125_183657-225x300.jpg 225w, https:\/\/ferenczykollegium.szoftvered.hu\/wp-content\/uploads\/2025\/02\/20241125_183657-1152x1536.jpg 1152w, https:\/\/ferenczykollegium.szoftvered.hu\/wp-content\/uploads\/2025\/02\/20241125_183657-1536x2048.jpg 1536w, https:\/\/ferenczykollegium.szoftvered.hu\/wp-content\/uploads\/2025\/02\/20241125_183657-scaled.jpg 1920w\" sizes=\"auto, (max-width: 767px) 89vw, (max-width: 1000px) 54vw, (max-width: 1071px) 543px, 580px\" \/><\/figure>\n\n\n\n<figure class=\"wp-block-image size-large\"><img loading=\"lazy\" decoding=\"async\" width=\"1024\" height=\"768\" src=\"https:\/\/ferenczykollegium.hu\/wp-content\/uploads\/2025\/02\/20241125_184000-1024x768.jpg\" alt=\"\" class=\"wp-image-1823\" srcset=\"https:\/\/ferenczykollegium.szoftvered.hu\/wp-content\/uploads\/2025\/02\/20241125_184000-1024x768.jpg 1024w, https:\/\/ferenczykollegium.szoftvered.hu\/wp-content\/uploads\/2025\/02\/20241125_184000-300x225.jpg 300w, https:\/\/ferenczykollegium.szoftvered.hu\/wp-content\/uploads\/2025\/02\/20241125_184000-768x576.jpg 768w, https:\/\/ferenczykollegium.szoftvered.hu\/wp-content\/uploads\/2025\/02\/20241125_184000-1536x1152.jpg 1536w, https:\/\/ferenczykollegium.szoftvered.hu\/wp-content\/uploads\/2025\/02\/20241125_184000-2048x1536.jpg 2048w\" sizes=\"auto, (max-width: 767px) 89vw, (max-width: 1000px) 54vw, (max-width: 1071px) 543px, 580px\" \/><\/figure>\n\n\n\n<p>Kar\u00e1csony 2024<\/p>\n\n\n\n<figure class=\"wp-block-image size-large\"><img loading=\"lazy\" decoding=\"async\" width=\"1024\" height=\"462\" src=\"https:\/\/ferenczykollegium.hu\/wp-content\/uploads\/2025\/02\/20241216_184528-1024x462.jpg\" alt=\"\" class=\"wp-image-1816\" srcset=\"https:\/\/ferenczykollegium.szoftvered.hu\/wp-content\/uploads\/2025\/02\/20241216_184528-1024x462.jpg 1024w, https:\/\/ferenczykollegium.szoftvered.hu\/wp-content\/uploads\/2025\/02\/20241216_184528-300x135.jpg 300w, https:\/\/ferenczykollegium.szoftvered.hu\/wp-content\/uploads\/2025\/02\/20241216_184528-768x346.jpg 768w, https:\/\/ferenczykollegium.szoftvered.hu\/wp-content\/uploads\/2025\/02\/20241216_184528-1536x693.jpg 1536w, https:\/\/ferenczykollegium.szoftvered.hu\/wp-content\/uploads\/2025\/02\/20241216_184528-2048x924.jpg 2048w\" sizes=\"auto, (max-width: 767px) 89vw, (max-width: 1000px) 54vw, (max-width: 1071px) 543px, 580px\" \/><\/figure>\n\n\n\n<figure class=\"wp-block-image size-large\"><img loading=\"lazy\" decoding=\"async\" width=\"603\" height=\"1024\" src=\"https:\/\/ferenczykollegium.hu\/wp-content\/uploads\/2025\/02\/9cca2c48-ea97-43a2-904a-a3988207bb03-603x1024.jpg\" alt=\"\" class=\"wp-image-1815\" srcset=\"https:\/\/ferenczykollegium.szoftvered.hu\/wp-content\/uploads\/2025\/02\/9cca2c48-ea97-43a2-904a-a3988207bb03-603x1024.jpg 603w, https:\/\/ferenczykollegium.szoftvered.hu\/wp-content\/uploads\/2025\/02\/9cca2c48-ea97-43a2-904a-a3988207bb03-177x300.jpg 177w, https:\/\/ferenczykollegium.szoftvered.hu\/wp-content\/uploads\/2025\/02\/9cca2c48-ea97-43a2-904a-a3988207bb03-768x1304.jpg 768w, https:\/\/ferenczykollegium.szoftvered.hu\/wp-content\/uploads\/2025\/02\/9cca2c48-ea97-43a2-904a-a3988207bb03-905x1536.jpg 905w, https:\/\/ferenczykollegium.szoftvered.hu\/wp-content\/uploads\/2025\/02\/9cca2c48-ea97-43a2-904a-a3988207bb03.jpg 1206w\" sizes=\"auto, (max-width: 603px) 100vw, 603px\" \/><\/figure>\n\n\n\n<p>\u00c9LETK\u00c9PEK 2024<\/p>\n\n\n\n<figure class=\"wp-block-image size-large\"><img loading=\"lazy\" decoding=\"async\" width=\"1024\" height=\"461\" src=\"https:\/\/ferenczykollegium.hu\/wp-content\/uploads\/2025\/02\/20240904_153222-1024x461.jpg\" alt=\"\" class=\"wp-image-1819\" srcset=\"https:\/\/ferenczykollegium.szoftvered.hu\/wp-content\/uploads\/2025\/02\/20240904_153222-1024x461.jpg 1024w, https:\/\/ferenczykollegium.szoftvered.hu\/wp-content\/uploads\/2025\/02\/20240904_153222-300x135.jpg 300w, https:\/\/ferenczykollegium.szoftvered.hu\/wp-content\/uploads\/2025\/02\/20240904_153222-768x346.jpg 768w, https:\/\/ferenczykollegium.szoftvered.hu\/wp-content\/uploads\/2025\/02\/20240904_153222-1536x691.jpg 1536w, https:\/\/ferenczykollegium.szoftvered.hu\/wp-content\/uploads\/2025\/02\/20240904_153222-2048x922.jpg 2048w\" sizes=\"auto, (max-width: 767px) 89vw, (max-width: 1000px) 54vw, (max-width: 1071px) 543px, 580px\" \/><\/figure>\n\n\n\n<figure class=\"wp-block-image size-large\"><img loading=\"lazy\" decoding=\"async\" width=\"1024\" height=\"461\" src=\"https:\/\/ferenczykollegium.hu\/wp-content\/uploads\/2025\/02\/24d77439-e590-402f-ba21-c15662533915-1024x461.jpg\" alt=\"\" class=\"wp-image-1818\" srcset=\"https:\/\/ferenczykollegium.szoftvered.hu\/wp-content\/uploads\/2025\/02\/24d77439-e590-402f-ba21-c15662533915-1024x461.jpg 1024w, https:\/\/ferenczykollegium.szoftvered.hu\/wp-content\/uploads\/2025\/02\/24d77439-e590-402f-ba21-c15662533915-300x135.jpg 300w, https:\/\/ferenczykollegium.szoftvered.hu\/wp-content\/uploads\/2025\/02\/24d77439-e590-402f-ba21-c15662533915-768x345.jpg 768w, https:\/\/ferenczykollegium.szoftvered.hu\/wp-content\/uploads\/2025\/02\/24d77439-e590-402f-ba21-c15662533915-1536x691.jpg 1536w, https:\/\/ferenczykollegium.szoftvered.hu\/wp-content\/uploads\/2025\/02\/24d77439-e590-402f-ba21-c15662533915.jpg 2048w\" sizes=\"auto, (max-width: 767px) 89vw, (max-width: 1000px) 54vw, (max-width: 1071px) 543px, 580px\" \/><\/figure>\n\n\n\n<figure class=\"wp-block-image size-large\"><img loading=\"lazy\" decoding=\"async\" width=\"1024\" height=\"461\" src=\"https:\/\/ferenczykollegium.hu\/wp-content\/uploads\/2025\/02\/20240904_153216-1024x461.jpg\" alt=\"\" class=\"wp-image-1820\" srcset=\"https:\/\/ferenczykollegium.szoftvered.hu\/wp-content\/uploads\/2025\/02\/20240904_153216-1024x461.jpg 1024w, https:\/\/ferenczykollegium.szoftvered.hu\/wp-content\/uploads\/2025\/02\/20240904_153216-300x135.jpg 300w, https:\/\/ferenczykollegium.szoftvered.hu\/wp-content\/uploads\/2025\/02\/20240904_153216-768x346.jpg 768w, https:\/\/ferenczykollegium.szoftvered.hu\/wp-content\/uploads\/2025\/02\/20240904_153216-1536x691.jpg 1536w, https:\/\/ferenczykollegium.szoftvered.hu\/wp-content\/uploads\/2025\/02\/20240904_153216-2048x922.jpg 2048w\" sizes=\"auto, (max-width: 767px) 89vw, (max-width: 1000px) 54vw, (max-width: 1071px) 543px, 580px\" \/><\/figure>\n\n\n\n<p class=\"has-luminous-vivid-orange-color has-text-color\"><strong>M\u00fazeuml\u00e1togat\u00e1s \u2013 M\u00e1lenkij Robot Eml\u00e9khely<\/strong><\/p>\n\n\n\n<p><strong><em>Indokolhat\u00f3 b\u00e1rmely k\u00f6r\u00fclm\u00e9nyek k\u00f6z\u00f6tt is a kollekt\u00edv b\u00fcntet\u00e9s? Felel\u0151ss\u00e9 tehet\u0151 egy eg\u00e9sz n\u00e9p, n\u00e9pcsoport az\u00e9rt, amit vezet\u0151i elk\u00f6vettek?<\/em><\/strong><\/p>\n\n\n\n<figure class=\"wp-block-image size-full is-resized\"><img loading=\"lazy\" decoding=\"async\" src=\"https:\/\/ferenczykollegium.hu\/wp-content\/uploads\/2024\/03\/image.png\" alt=\"\" class=\"wp-image-1565\" width=\"653\" height=\"364\" srcset=\"https:\/\/ferenczykollegium.szoftvered.hu\/wp-content\/uploads\/2024\/03\/image.png 558w, https:\/\/ferenczykollegium.szoftvered.hu\/wp-content\/uploads\/2024\/03\/image-300x167.png 300w\" sizes=\"auto, (max-width: 653px) 100vw, 653px\" \/><\/figure>\n\n\n\n<p><strong><em>A m\u00e1lenk\u00edj robotra hurcolt egyszer\u0171 emberek \u00edt\u00e9let n\u00e9lk\u00fcl \u00e9vekig \u201eb\u0171nh\u0151dtek\u201d szovjet munkat\u00e1borokban soha el nem k\u00f6vetett b\u0171n\u00f6k\u00e9rt. K\u00f6z\u00fcl\u00fck sokan soha nem t\u00e9rhettek vissza haz\u00e1jukba.<\/em><\/strong><\/p>\n\n\n\n<p><strong><em>R\u00e1juk eml\u00e9kezt\u00fcnk a ferencv\u00e1rosi eml\u00e9kk\u00f6zpontban.<\/em><\/strong><\/p>\n\n\n\n<figure class=\"wp-block-image size-full is-resized\"><img loading=\"lazy\" decoding=\"async\" src=\"https:\/\/ferenczykollegium.hu\/wp-content\/uploads\/2024\/03\/image-1.png\" alt=\"\" class=\"wp-image-1566\" width=\"656\" height=\"423\" srcset=\"https:\/\/ferenczykollegium.szoftvered.hu\/wp-content\/uploads\/2024\/03\/image-1.png 541w, https:\/\/ferenczykollegium.szoftvered.hu\/wp-content\/uploads\/2024\/03\/image-1-300x194.png 300w\" sizes=\"auto, (max-width: 656px) 100vw, 656px\" \/><\/figure>\n\n\n\n<p><\/p>\n\n\n\n<p class=\"has-luminous-vivid-orange-color has-text-color\"><strong>KAR\u00c1CSONY<\/strong><\/p>\n\n\n\n<p>A Hugonnai Vilma csoport ez\u00fattal a kar\u00e1csonyi m\u0171sor\u00e1val aratott nagy sikert. A 2 r\u00e9szes el\u0151ad\u00e1s els\u0151 fel\u00e9ben a Betlehemet eleven\u00edtett\u00e9k meg a l\u00e1nyok, Ildik\u00f3 n\u00e9ni nagy \u00f6r\u00f6m\u00e9re. A 2. r\u00e9szben pedig egy modern csal\u00e1d \u201emeghitt\u201d szentest\u00e9j\u00e9t mutatt\u00e1k be, amely a kezdeti k\u00f6z\u00f6ny \u00e9s a sok veszeked\u00e9s ut\u00e1n v\u00e9g\u00fcl kib\u00e9k\u00fcl\u00e9ssel \u00e9s k\u00f6z\u00f6s \u00e9nekl\u00e9ssel z\u00e1rult. Az \u00f6tletek \u00e9s a megval\u00f3s\u00edt\u00e1s is a l\u00e1nyokat dics\u00e9ri.<\/p>\n\n\n\n<figure class=\"wp-block-image size-large\"><img loading=\"lazy\" decoding=\"async\" width=\"1024\" height=\"576\" src=\"https:\/\/ferenczykollegium.hu\/wp-content\/uploads\/2023\/12\/20231211_180344-1024x576.jpg\" alt=\"\" class=\"wp-image-1523\" srcset=\"https:\/\/ferenczykollegium.szoftvered.hu\/wp-content\/uploads\/2023\/12\/20231211_180344-1024x576.jpg 1024w, https:\/\/ferenczykollegium.szoftvered.hu\/wp-content\/uploads\/2023\/12\/20231211_180344-300x169.jpg 300w, https:\/\/ferenczykollegium.szoftvered.hu\/wp-content\/uploads\/2023\/12\/20231211_180344-768x432.jpg 768w, https:\/\/ferenczykollegium.szoftvered.hu\/wp-content\/uploads\/2023\/12\/20231211_180344-1536x864.jpg 1536w, https:\/\/ferenczykollegium.szoftvered.hu\/wp-content\/uploads\/2023\/12\/20231211_180344-2048x1152.jpg 2048w\" sizes=\"auto, (max-width: 767px) 89vw, (max-width: 1000px) 54vw, (max-width: 1071px) 543px, 580px\" \/><\/figure>\n\n\n\n<p><\/p>\n\n\n\n<p class=\"has-luminous-vivid-orange-color has-text-color\"><strong>MIKUL\u00c1S EST<\/strong><\/p>\n\n\n\n<p>Mint minden \u00e9vben, id\u00e9n is megl\u00e1togatott benn\u00fcnket a Mikul\u00e1s. A vicces kis el\u0151ad\u00e1s ut\u00e1n sz\u00e9p sorra mindenki megkapta, mit a mikul\u00e1s puttony neki rejtett, egy-egy szem\u00e9lyre sz\u00f3l\u00f3 vers k\u00eds\u00e9ret\u00e9ben. V\u00e9gezet\u00fcl az egyes csoportok, a csoportvezet\u0151 tan\u00e1rokkal k\u00f6z\u00f6sen elvonultak, hogy megless\u00e9k, id\u00e9n ki kapott virg\u00e1csot, ki pedig szaloncukrot.<\/p>\n\n\n\n<figure class=\"wp-block-image size-large\"><img loading=\"lazy\" decoding=\"async\" width=\"1024\" height=\"768\" src=\"https:\/\/ferenczykollegium.hu\/wp-content\/uploads\/2023\/12\/20231204_192508-1024x768.jpg\" alt=\"\" class=\"wp-image-1511\" srcset=\"https:\/\/ferenczykollegium.szoftvered.hu\/wp-content\/uploads\/2023\/12\/20231204_192508-1024x768.jpg 1024w, https:\/\/ferenczykollegium.szoftvered.hu\/wp-content\/uploads\/2023\/12\/20231204_192508-300x225.jpg 300w, https:\/\/ferenczykollegium.szoftvered.hu\/wp-content\/uploads\/2023\/12\/20231204_192508-768x576.jpg 768w, https:\/\/ferenczykollegium.szoftvered.hu\/wp-content\/uploads\/2023\/12\/20231204_192508-1536x1152.jpg 1536w, https:\/\/ferenczykollegium.szoftvered.hu\/wp-content\/uploads\/2023\/12\/20231204_192508-2048x1536.jpg 2048w\" sizes=\"auto, (max-width: 767px) 89vw, (max-width: 1000px) 54vw, (max-width: 1071px) 543px, 580px\" \/><\/figure>\n\n\n\n<figure class=\"wp-block-image size-large\"><img loading=\"lazy\" decoding=\"async\" width=\"1024\" height=\"1024\" src=\"https:\/\/ferenczykollegium.hu\/wp-content\/uploads\/2023\/12\/COLLAGE-1024x1024.jpg\" alt=\"\" class=\"wp-image-1514\" srcset=\"https:\/\/ferenczykollegium.szoftvered.hu\/wp-content\/uploads\/2023\/12\/COLLAGE-1024x1024.jpg 1024w, https:\/\/ferenczykollegium.szoftvered.hu\/wp-content\/uploads\/2023\/12\/COLLAGE-300x300.jpg 300w, https:\/\/ferenczykollegium.szoftvered.hu\/wp-content\/uploads\/2023\/12\/COLLAGE-150x150.jpg 150w, https:\/\/ferenczykollegium.szoftvered.hu\/wp-content\/uploads\/2023\/12\/COLLAGE-768x768.jpg 768w, https:\/\/ferenczykollegium.szoftvered.hu\/wp-content\/uploads\/2023\/12\/COLLAGE-1536x1536.jpg 1536w, https:\/\/ferenczykollegium.szoftvered.hu\/wp-content\/uploads\/2023\/12\/COLLAGE-100x100.jpg 100w, https:\/\/ferenczykollegium.szoftvered.hu\/wp-content\/uploads\/2023\/12\/COLLAGE.jpg 2047w\" sizes=\"auto, (max-width: 767px) 89vw, (max-width: 1000px) 54vw, (max-width: 1071px) 543px, 580px\" \/><\/figure>\n\n\n\n<p><\/p>\n\n\n\n<p class=\"has-luminous-vivid-orange-color has-text-color\"><strong>AVAT\u00d3<\/strong><\/p>\n\n\n\n<p class=\"has-black-color has-text-color\">Az idei g\u00f3lyaavat\u00f3nk Harry Potter tematik\u00e1ra \u00e9p\u00fclt.<\/p>\n\n\n\n<p>Els\u0151k\u00e9nt a Teszlek S\u00fcveg &nbsp;seg\u00edts\u00e9g\u00e9t k\u00e9rve a n\u00e9gy h\u00e1z szerinti csoportbeoszt\u00e1sra ker\u00fcltek az els\u0151\u00e9ves tanul\u00f3k.<br>Az avat\u00f3 \u00fcnneps\u00e9gre m\u00e1r ezen h\u00e1zak szerinti jelmezben \u00e9rkeztek, amely jelmezek pontoz\u00e1sra ker\u00fcltek a fels\u0151bb \u00e9vesek \u00e1ltal. A v\u00e1ltozatos feladatok sor\u00e1n, mint p\u00e9ld\u00e1ul a Harry Potter acitivity tov\u00e1bb gy\u0171jthett\u00e9k pontjaikat, m\u00edg a v\u00e9gs\u0151 fordul\u00f3ban eld\u0151lt, hogy a legt\u00f6bb pontot a Holl\u00f3h\u00e1t csapata tudhatta mag\u00e1\u00e9nak.<br>Nagy tapsvihart k\u00f6vet\u0151en a g\u00f3ly\u00e1k esk\u00fct\u00e9tele k\u00f6vetkezett, amellyel az \u00fcnneps\u00e9g z\u00e1rult.<br>Az esem\u00e9ny j\u00f3 hangulatban telt.<\/p>\n\n\n\n<figure class=\"wp-block-image size-large\"><img loading=\"lazy\" decoding=\"async\" width=\"1024\" height=\"576\" src=\"https:\/\/ferenczykollegium.hu\/wp-content\/uploads\/2023\/12\/00887-frame-at-1m36s-1024x576.jpg\" alt=\"\" class=\"wp-image-1519\" srcset=\"https:\/\/ferenczykollegium.szoftvered.hu\/wp-content\/uploads\/2023\/12\/00887-frame-at-1m36s-1024x576.jpg 1024w, https:\/\/ferenczykollegium.szoftvered.hu\/wp-content\/uploads\/2023\/12\/00887-frame-at-1m36s-300x169.jpg 300w, https:\/\/ferenczykollegium.szoftvered.hu\/wp-content\/uploads\/2023\/12\/00887-frame-at-1m36s-768x432.jpg 768w, https:\/\/ferenczykollegium.szoftvered.hu\/wp-content\/uploads\/2023\/12\/00887-frame-at-1m36s-1536x864.jpg 1536w, https:\/\/ferenczykollegium.szoftvered.hu\/wp-content\/uploads\/2023\/12\/00887-frame-at-1m36s.jpg 1920w\" sizes=\"auto, (max-width: 767px) 89vw, (max-width: 1000px) 54vw, (max-width: 1071px) 543px, 580px\" \/><\/figure>\n\n\n\n<p><\/p>\n\n\n\n<p><strong><mark style=\"background-color:rgba(0, 0, 0, 0)\" class=\"has-inline-color has-luminous-vivid-orange-color\">N\u00e9vad\u00f3nk nyom\u00e1ban &#8211; kir\u00e1ndul\u00e1s Szentendr\u00e9re<\/mark><\/strong><\/p>\n\n\n\n<p>2023.05.25-\u00e9n ki\u00e1ll\u00edt\u00e1sl\u00e1togat\u00f3 kir\u00e1ndul\u00e1st bonyol\u00edtottunk le tanul\u00f3ink kultur\u00e1lis \u00e9s<br>szakmai fejl\u0151d\u00e9s\u00e9t szem el\u0151tt tartva Szentendr\u00e9n. Utunk sor\u00e1n a Ferenczy M\u00fazeum \u00e9s a<br>Kov\u00e1cs Margit Ker\u00e1miam\u00fazeum \u00e1lland\u00f3 gy\u0171jtem\u00e9ny\u00e9t tekintett\u00fck meg.<br>Koll\u00e9giumunk b\u00e1r t\u00f6bb k\u00fcl\u00f6nb\u00f6z\u0151 szakter\u00fcleti k\u00e9pz\u00e9st biztos\u00edt\u00f3 int\u00e9zm\u00e9nnyel \u00e1ll<br>partnerviszonyban, a m\u0171v\u00e9szeti szeml\u00e9letet, mint az n\u00e9vad\u00f3nkb\u00f3l is k\u00f6vetkezik, kiemelten<br>fontosnak tartja. Int\u00e9zm\u00e9ny\u00fcnket a vizu\u00e1lis m\u0171v\u00e9szet szeretet\u00e9nek \u00e9s fontoss\u00e1g\u00e1nak<br>szellemis\u00e9ge hatja \u00e1t, amely \u00e9p\u00fclet\u00fcnk kertj\u00e9n, \u00e9s bel\u00e9pve a falakon is visszak\u00f6sz\u00f6n r\u00e1nk \u00e9s<br>l\u00e1togat\u00f3inkra. A l\u00e1nyokra nagy hat\u00e1st gyakoroltak a kir\u00e1ndul\u00e1son szerzett \u00e9lm\u00e9nyeik.<br>K\u00e9pz\u0151m\u0171v\u00e9sz koll\u00e9gan\u0151nk elhivatott szakszer\u0171s\u00e9ggel v\u00e1laszolt k\u00e9rd\u00e9seikre t\u00e1g\u00edtva \u00e9s friss\u00edtve l\u00e1t\u00f3k\u00f6r\u00fcket a 20.sz\u00e1zadi \u00e9s kort\u00e1rs m\u0171v\u00e9szetre vonatkoz\u00f3an egyar\u00e1nt. A Kov\u00e1cs Margit<br>Ker\u00e1miam\u00fazeumba \u00e9rve a m\u0171v\u00e9szetelm\u00e9leti \u00e9s m\u0171v\u00e9szett\u00f6rt\u00e9neti k\u00e9rd\u00e9seket imm\u00e1ron a<br>ker\u00e1miatechnikai k\u00e9rd\u00e9sek v\u00e1ltott\u00e1k fel az alkot\u00e1s gyakorlati oldala fel\u00e9 terelve \u0151ket.<br>A m\u00fazeuml\u00e1togat\u00e1st k\u00f6vet\u0151en szentendrei koll\u00e9gist\u00e1nk D\u00e9nes Izabella \u00e9desapja D\u00e9nes<br>K\u00e1roly l\u00e1tta vend\u00e9g\u00fcl kir\u00e1ndul\u00f3csoportunkat. Kedvess\u00e9g\u00e9t \u00e9s felaj\u00e1nl\u00e1s\u00e1t ez\u00faton is h\u00e1l\u00e1san<br>k\u00f6sz\u00f6nj\u00fck! Az eb\u00e9det k\u00f6vet\u0151en a l\u00e1nyoknak szabad foglalkoz\u00e1s keret\u00e9ben is lehet\u0151s\u00e9g\u00fck ny\u00edlt k\u00f6tetlenebb, organikusan alakul\u00f3 csoportbont\u00e1sban megismerni a v\u00e1rost \u00e9s a mindent \u00e1that\u00f3 m\u0171v\u00e9szet l\u00e9gk\u00f6r\u00e9t.<\/p>\n\n\n\n<figure class=\"wp-block-image size-large\"><img loading=\"lazy\" decoding=\"async\" width=\"1024\" height=\"461\" src=\"https:\/\/ferenczykollegium.hu\/wp-content\/uploads\/2023\/10\/20230525_120833-1024x461.jpg\" alt=\"\" class=\"wp-image-1382\" srcset=\"https:\/\/ferenczykollegium.szoftvered.hu\/wp-content\/uploads\/2023\/10\/20230525_120833-1024x461.jpg 1024w, https:\/\/ferenczykollegium.szoftvered.hu\/wp-content\/uploads\/2023\/10\/20230525_120833-300x135.jpg 300w, https:\/\/ferenczykollegium.szoftvered.hu\/wp-content\/uploads\/2023\/10\/20230525_120833-768x346.jpg 768w, https:\/\/ferenczykollegium.szoftvered.hu\/wp-content\/uploads\/2023\/10\/20230525_120833-1536x691.jpg 1536w, https:\/\/ferenczykollegium.szoftvered.hu\/wp-content\/uploads\/2023\/10\/20230525_120833-2048x922.jpg 2048w\" sizes=\"auto, (max-width: 767px) 89vw, (max-width: 1000px) 54vw, (max-width: 1071px) 543px, 580px\" \/><\/figure>\n\n\n\n<figure class=\"wp-block-image size-large\"><img loading=\"lazy\" decoding=\"async\" width=\"1024\" height=\"461\" src=\"https:\/\/ferenczykollegium.hu\/wp-content\/uploads\/2023\/10\/20230525_114116-1024x461.jpg\" alt=\"\" class=\"wp-image-1383\" srcset=\"https:\/\/ferenczykollegium.szoftvered.hu\/wp-content\/uploads\/2023\/10\/20230525_114116-1024x461.jpg 1024w, https:\/\/ferenczykollegium.szoftvered.hu\/wp-content\/uploads\/2023\/10\/20230525_114116-300x135.jpg 300w, https:\/\/ferenczykollegium.szoftvered.hu\/wp-content\/uploads\/2023\/10\/20230525_114116-768x346.jpg 768w, https:\/\/ferenczykollegium.szoftvered.hu\/wp-content\/uploads\/2023\/10\/20230525_114116-1536x691.jpg 1536w, https:\/\/ferenczykollegium.szoftvered.hu\/wp-content\/uploads\/2023\/10\/20230525_114116-2048x922.jpg 2048w\" sizes=\"auto, (max-width: 767px) 89vw, (max-width: 1000px) 54vw, (max-width: 1071px) 543px, 580px\" \/><\/figure>\n","protected":false},"excerpt":{"rendered":"<p>N\u00e9pliget t\u00e1jfut\u00e1s 2025.05.14. BALLAG\u00c1S 2025.04.14. 2025.03.15. 1848-as megeml\u00e9kez\u00e9s N\u00c9VAD\u00d3 2024 Kar\u00e1csony 2024 \u00c9LETK\u00c9PEK 2024 M\u00fazeuml\u00e1togat\u00e1s \u2013 M\u00e1lenkij Robot Eml\u00e9khely Indokolhat\u00f3 b\u00e1rmely k\u00f6r\u00fclm\u00e9nyek k\u00f6z\u00f6tt is a kollekt\u00edv b\u00fcntet\u00e9s? Felel\u0151ss\u00e9 tehet\u0151 egy eg\u00e9sz n\u00e9p, n\u00e9pcsoport az\u00e9rt, amit vezet\u0151i elk\u00f6vettek? A m\u00e1lenk\u00edj robotra hurcolt egyszer\u0171 emberek \u00edt\u00e9let n\u00e9lk\u00fcl \u00e9vekig \u201eb\u0171nh\u0151dtek\u201d szovjet munkat\u00e1borokban soha el nem k\u00f6vetett b\u0171n\u00f6k\u00e9rt. K\u00f6z\u00fcl\u00fck &hellip; <\/p>\n<p class=\"link-more\"><a href=\"https:\/\/ferenczykollegium.szoftvered.hu\/?page_id=585\" class=\"more-link\"><span class=\"screen-reader-text\">&#8222;Esem\u00e9nyeink&#8221;<\/span> b\u0151vebben<\/a><\/p>\n","protected":false},"author":1,"featured_media":0,"parent":0,"menu_order":0,"comment_status":"closed","ping_status":"closed","template":"","meta":{"ngg_post_thumbnail":0,"_mc_calendar":[],"footnotes":""},"class_list":["post-585","page","type-page","status-publish","hentry"],"yoast_head":"<!-- This site is optimized with the Yoast SEO plugin v25.1 - https:\/\/yoast.com\/wordpress\/plugins\/seo\/ -->\n<title>Esem\u00e9nyeink - Ferenczy No\u00e9mi K\u00f6z\u00e9piskolai Le\u00e1nykoll\u00e9gium<\/title>\n<meta name=\"robots\" content=\"index, follow, max-snippet:-1, max-image-preview:large, max-video-preview:-1\" \/>\n<link rel=\"canonical\" href=\"https:\/\/ferenczykollegium.hu\/?page_id=585\" \/>\n<meta property=\"og:locale\" content=\"hu_HU\" \/>\n<meta property=\"og:type\" content=\"article\" \/>\n<meta property=\"og:title\" content=\"Esem\u00e9nyeink - Ferenczy No\u00e9mi K\u00f6z\u00e9piskolai Le\u00e1nykoll\u00e9gium\" \/>\n<meta property=\"og:description\" content=\"N\u00e9pliget t\u00e1jfut\u00e1s 2025.05.14. BALLAG\u00c1S 2025.04.14. 2025.03.15. 1848-as megeml\u00e9kez\u00e9s N\u00c9VAD\u00d3 2024 Kar\u00e1csony 2024 \u00c9LETK\u00c9PEK 2024 M\u00fazeuml\u00e1togat\u00e1s \u2013 M\u00e1lenkij Robot Eml\u00e9khely Indokolhat\u00f3 b\u00e1rmely k\u00f6r\u00fclm\u00e9nyek k\u00f6z\u00f6tt is a kollekt\u00edv b\u00fcntet\u00e9s? Felel\u0151ss\u00e9 tehet\u0151 egy eg\u00e9sz n\u00e9p, n\u00e9pcsoport az\u00e9rt, amit vezet\u0151i elk\u00f6vettek? A m\u00e1lenk\u00edj robotra hurcolt egyszer\u0171 emberek \u00edt\u00e9let n\u00e9lk\u00fcl \u00e9vekig \u201eb\u0171nh\u0151dtek\u201d szovjet munkat\u00e1borokban soha el nem k\u00f6vetett b\u0171n\u00f6k\u00e9rt. K\u00f6z\u00fcl\u00fck &hellip; &quot;Esem\u00e9nyeink&quot; b\u0151vebben\" \/>\n<meta property=\"og:url\" content=\"https:\/\/ferenczykollegium.hu\/?page_id=585\" \/>\n<meta property=\"og:site_name\" content=\"Ferenczy No\u00e9mi K\u00f6z\u00e9piskolai Le\u00e1nykoll\u00e9gium\" \/>\n<meta property=\"article:publisher\" content=\"https:\/\/www.facebook.com\/ferenczynoemi.kozepiskolaikollegium\" \/>\n<meta property=\"article:modified_time\" content=\"2025-05-21T17:58:35+00:00\" \/>\n<meta property=\"og:image\" content=\"https:\/\/ferenczykollegium.hu\/wp-content\/uploads\/2025\/05\/IMG_20250514_153529-1-461x1024.jpg\" \/>\n<meta name=\"twitter:card\" content=\"summary_large_image\" \/>\n<meta name=\"twitter:label1\" content=\"Becs\u00fclt olvas\u00e1si id\u0151\" \/>\n\t<meta name=\"twitter:data1\" content=\"9 perc\" \/>\n<script type=\"application\/ld+json\" class=\"yoast-schema-graph\">{\"@context\":\"https:\/\/schema.org\",\"@graph\":[{\"@type\":\"WebPage\",\"@id\":\"https:\/\/ferenczykollegium.hu\/?page_id=585\",\"url\":\"https:\/\/ferenczykollegium.hu\/?page_id=585\",\"name\":\"Esem\u00e9nyeink - Ferenczy No\u00e9mi K\u00f6z\u00e9piskolai Le\u00e1nykoll\u00e9gium\",\"isPartOf\":{\"@id\":\"https:\/\/ferenczykollegium.hu\/#website\"},\"primaryImageOfPage\":{\"@id\":\"https:\/\/ferenczykollegium.hu\/?page_id=585#primaryimage\"},\"image\":{\"@id\":\"https:\/\/ferenczykollegium.hu\/?page_id=585#primaryimage\"},\"thumbnailUrl\":\"https:\/\/ferenczykollegium.hu\/wp-content\/uploads\/2025\/05\/IMG_20250514_153529-1-461x1024.jpg\",\"datePublished\":\"2020-02-03T14:42:31+00:00\",\"dateModified\":\"2025-05-21T17:58:35+00:00\",\"breadcrumb\":{\"@id\":\"https:\/\/ferenczykollegium.hu\/?page_id=585#breadcrumb\"},\"inLanguage\":\"hu\",\"potentialAction\":[{\"@type\":\"ReadAction\",\"target\":[\"https:\/\/ferenczykollegium.hu\/?page_id=585\"]}]},{\"@type\":\"ImageObject\",\"inLanguage\":\"hu\",\"@id\":\"https:\/\/ferenczykollegium.hu\/?page_id=585#primaryimage\",\"url\":\"https:\/\/ferenczykollegium.hu\/wp-content\/uploads\/2025\/05\/IMG_20250514_153529-1-461x1024.jpg\",\"contentUrl\":\"https:\/\/ferenczykollegium.hu\/wp-content\/uploads\/2025\/05\/IMG_20250514_153529-1-461x1024.jpg\"},{\"@type\":\"BreadcrumbList\",\"@id\":\"https:\/\/ferenczykollegium.hu\/?page_id=585#breadcrumb\",\"itemListElement\":[{\"@type\":\"ListItem\",\"position\":1,\"name\":\"Kezd\u0151lap\",\"item\":\"https:\/\/ferenczykollegium.hu\/\"},{\"@type\":\"ListItem\",\"position\":2,\"name\":\"Esem\u00e9nyeink\"}]},{\"@type\":\"WebSite\",\"@id\":\"https:\/\/ferenczykollegium.hu\/#website\",\"url\":\"https:\/\/ferenczykollegium.hu\/\",\"name\":\"Ferenczy No\u00e9mi K\u00f6z\u00e9piskolai Le\u00e1nykoll\u00e9gium\",\"description\":\"\",\"potentialAction\":[{\"@type\":\"SearchAction\",\"target\":{\"@type\":\"EntryPoint\",\"urlTemplate\":\"https:\/\/ferenczykollegium.hu\/?s={search_term_string}\"},\"query-input\":{\"@type\":\"PropertyValueSpecification\",\"valueRequired\":true,\"valueName\":\"search_term_string\"}}],\"inLanguage\":\"hu\"}]}<\/script>\n<!-- \/ Yoast SEO plugin. -->","yoast_head_json":{"title":"Esem\u00e9nyeink - Ferenczy No\u00e9mi K\u00f6z\u00e9piskolai Le\u00e1nykoll\u00e9gium","robots":{"index":"index","follow":"follow","max-snippet":"max-snippet:-1","max-image-preview":"max-image-preview:large","max-video-preview":"max-video-preview:-1"},"canonical":"https:\/\/ferenczykollegium.hu\/?page_id=585","og_locale":"hu_HU","og_type":"article","og_title":"Esem\u00e9nyeink - Ferenczy No\u00e9mi K\u00f6z\u00e9piskolai Le\u00e1nykoll\u00e9gium","og_description":"N\u00e9pliget t\u00e1jfut\u00e1s 2025.05.14. BALLAG\u00c1S 2025.04.14. 2025.03.15. 1848-as megeml\u00e9kez\u00e9s N\u00c9VAD\u00d3 2024 Kar\u00e1csony 2024 \u00c9LETK\u00c9PEK 2024 M\u00fazeuml\u00e1togat\u00e1s \u2013 M\u00e1lenkij Robot Eml\u00e9khely Indokolhat\u00f3 b\u00e1rmely k\u00f6r\u00fclm\u00e9nyek k\u00f6z\u00f6tt is a kollekt\u00edv b\u00fcntet\u00e9s? Felel\u0151ss\u00e9 tehet\u0151 egy eg\u00e9sz n\u00e9p, n\u00e9pcsoport az\u00e9rt, amit vezet\u0151i elk\u00f6vettek? A m\u00e1lenk\u00edj robotra hurcolt egyszer\u0171 emberek \u00edt\u00e9let n\u00e9lk\u00fcl \u00e9vekig \u201eb\u0171nh\u0151dtek\u201d szovjet munkat\u00e1borokban soha el nem k\u00f6vetett b\u0171n\u00f6k\u00e9rt. K\u00f6z\u00fcl\u00fck &hellip; \"Esem\u00e9nyeink\" b\u0151vebben","og_url":"https:\/\/ferenczykollegium.hu\/?page_id=585","og_site_name":"Ferenczy No\u00e9mi K\u00f6z\u00e9piskolai Le\u00e1nykoll\u00e9gium","article_publisher":"https:\/\/www.facebook.com\/ferenczynoemi.kozepiskolaikollegium","article_modified_time":"2025-05-21T17:58:35+00:00","og_image":[{"url":"https:\/\/ferenczykollegium.hu\/wp-content\/uploads\/2025\/05\/IMG_20250514_153529-1-461x1024.jpg","type":"","width":"","height":""}],"twitter_card":"summary_large_image","twitter_misc":{"Becs\u00fclt olvas\u00e1si id\u0151":"9 perc"},"schema":{"@context":"https:\/\/schema.org","@graph":[{"@type":"WebPage","@id":"https:\/\/ferenczykollegium.hu\/?page_id=585","url":"https:\/\/ferenczykollegium.hu\/?page_id=585","name":"Esem\u00e9nyeink - Ferenczy No\u00e9mi K\u00f6z\u00e9piskolai Le\u00e1nykoll\u00e9gium","isPartOf":{"@id":"https:\/\/ferenczykollegium.hu\/#website"},"primaryImageOfPage":{"@id":"https:\/\/ferenczykollegium.hu\/?page_id=585#primaryimage"},"image":{"@id":"https:\/\/ferenczykollegium.hu\/?page_id=585#primaryimage"},"thumbnailUrl":"https:\/\/ferenczykollegium.hu\/wp-content\/uploads\/2025\/05\/IMG_20250514_153529-1-461x1024.jpg","datePublished":"2020-02-03T14:42:31+00:00","dateModified":"2025-05-21T17:58:35+00:00","breadcrumb":{"@id":"https:\/\/ferenczykollegium.hu\/?page_id=585#breadcrumb"},"inLanguage":"hu","potentialAction":[{"@type":"ReadAction","target":["https:\/\/ferenczykollegium.hu\/?page_id=585"]}]},{"@type":"ImageObject","inLanguage":"hu","@id":"https:\/\/ferenczykollegium.hu\/?page_id=585#primaryimage","url":"https:\/\/ferenczykollegium.hu\/wp-content\/uploads\/2025\/05\/IMG_20250514_153529-1-461x1024.jpg","contentUrl":"https:\/\/ferenczykollegium.hu\/wp-content\/uploads\/2025\/05\/IMG_20250514_153529-1-461x1024.jpg"},{"@type":"BreadcrumbList","@id":"https:\/\/ferenczykollegium.hu\/?page_id=585#breadcrumb","itemListElement":[{"@type":"ListItem","position":1,"name":"Kezd\u0151lap","item":"https:\/\/ferenczykollegium.hu\/"},{"@type":"ListItem","position":2,"name":"Esem\u00e9nyeink"}]},{"@type":"WebSite","@id":"https:\/\/ferenczykollegium.hu\/#website","url":"https:\/\/ferenczykollegium.hu\/","name":"Ferenczy No\u00e9mi K\u00f6z\u00e9piskolai Le\u00e1nykoll\u00e9gium","description":"","potentialAction":[{"@type":"SearchAction","target":{"@type":"EntryPoint","urlTemplate":"https:\/\/ferenczykollegium.hu\/?s={search_term_string}"},"query-input":{"@type":"PropertyValueSpecification","valueRequired":true,"valueName":"search_term_string"}}],"inLanguage":"hu"}]}},"_links":{"self":[{"href":"https:\/\/ferenczykollegium.szoftvered.hu\/index.php?rest_route=\/wp\/v2\/pages\/585","targetHints":{"allow":["GET"]}}],"collection":[{"href":"https:\/\/ferenczykollegium.szoftvered.hu\/index.php?rest_route=\/wp\/v2\/pages"}],"about":[{"href":"https:\/\/ferenczykollegium.szoftvered.hu\/index.php?rest_route=\/wp\/v2\/types\/page"}],"author":[{"embeddable":true,"href":"https:\/\/ferenczykollegium.szoftvered.hu\/index.php?rest_route=\/wp\/v2\/users\/1"}],"replies":[{"embeddable":true,"href":"https:\/\/ferenczykollegium.szoftvered.hu\/index.php?rest_route=%2Fwp%2Fv2%2Fcomments&post=585"}],"version-history":[{"count":36,"href":"https:\/\/ferenczykollegium.szoftvered.hu\/index.php?rest_route=\/wp\/v2\/pages\/585\/revisions"}],"predecessor-version":[{"id":2071,"href":"https:\/\/ferenczykollegium.szoftvered.hu\/index.php?rest_route=\/wp\/v2\/pages\/585\/revisions\/2071"}],"wp:attachment":[{"href":"https:\/\/ferenczykollegium.szoftvered.hu\/index.php?rest_route=%2Fwp%2Fv2%2Fmedia&parent=585"}],"curies":[{"name":"wp","href":"https:\/\/api.w.org\/{rel}","templated":true}]}}